{"id":20698,"date":"2026-04-29T17:35:43","date_gmt":"2026-04-29T15:35:43","guid":{"rendered":"https:\/\/www.kapitol-gryfice.pl\/?post_type=tribe_events&#038;p=20698"},"modified":"2026-04-29T17:35:43","modified_gmt":"2026-04-29T15:35:43","slug":"maryja-matka-papieza","status":"publish","type":"tribe_events","link":"https:\/\/www.kapitol-gryfice.pl\/en\/film\/maryja-matka-papieza\/","title":{"rendered":"Maryja. Matka Papie\u017ca"},"content":{"rendered":"<div id=\"cmsmasters_row_\" class=\"cmsmasters_row cmsmasters_color_scheme_default cmsmasters_row_top_default cmsmasters_row_bot_default cmsmasters_row_boxed\">\n<div class=\"cmsmasters_row_outer_parent\">\n<div class=\"cmsmasters_row_outer\">\n<div class=\"cmsmasters_row_inner\">\n<div class=\"cmsmasters_row_margin\">\n<div id=\"cmsmasters_column_\" class=\"cmsmasters_column one_first\">\n<div class=\"cmsmasters_column_inner\"><div class=\"cmsmasters_text\">\n<h3>Opis filmu<\/h3>\n<div class=\"summary\">\n<p>Maryja. Matka Papie\u017ca to pierwszy film, kt\u00f3ry ods\u0142ania mistyczn\u0105 wi\u0119\u017a mi\u0119dzy \u015bw. Janem Paw\u0142em II a Matk\u0105 Bo\u017c\u0105. To opowie\u015b\u0107 o relacji, kt\u00f3ra by\u0142a sercem jego \u017cycia i drog\u0105 do \u015bwi\u0119to\u015bci. W filmie Maryja nie jest jedynie adresatk\u0105 papieskiego \u201eTotus Tuus\u201d, lecz przede wszystkim prawdziw\u0105 Matk\u0105 i przewodniczk\u0105 nieustannie obecn\u0105 w prze\u0142omowych i dramatycznych momentach XX wieku oraz w osobistych zmaganiach Karola Wojty\u0142y. Szczeg\u00f3lne miejsce zajmuje w\u0105tek objawie\u0144 fatimskich i ujawnionej przez papie\u017ca III Tajemnicy Fatimskiej, odnosz\u0105cej si\u0119 do zagro\u017cenia ze strony Rosji i duchowej walki tocz\u0105cej si\u0119 w \u015bwiecie. Maryja. Matka Papie\u017ca ukazuje wyra\u017anie, \u017ce duchowa droga \u015bw. Jana Paw\u0142a II wyrasta\u0142a z g\u0142\u0119boko zakorzenionej polskiej maryjno\u015bci, z wiary narodu, kt\u00f3ry przez wieki zawierza\u0142 swoje losy Matce Bo\u017cej. Papie\u017c nie tylko z tej tradycji wyr\u00f3s\u0142, lecz tak\u017ce nada\u0142 jej nowy, uniwersalny wymiar, ukazuj\u0105c \u015bwiatu maryjno\u015b\u0107 jako drog\u0119 zawierzenia, odwagi i nadziei. Zdj\u0119cia powsta\u0142y tam, gdzie drogi \u015bw. Jana Paw\u0142a II przecina\u0142y si\u0119 z obecno\u015bci\u0105 Maryi: w Fatimie, Watykanie, Rzymie, Mentorelli, a tak\u017ce w Polsce w Gietrzwa\u0142dzie, Cz\u0119stochowie, Wadowicach i Ossowie \u2013 miejscu Cudu nad Wis\u0142\u0105. Film przypomina o g\u0142\u0119boko zakorzenionej w naszej historii maryjno\u015bci, o jubileuszu 70-lecia \u015alub\u00f3w Jasnog\u00f3rskich oraz o prawdzie, \u017ce z woli Boga Maryja jest Matk\u0105 ka\u017cdego cz\u0142owieka. Wyst\u0119puj\u0105 w nim wybitni eksperci, rektorzy sanktuari\u00f3w maryjnych oraz osoby z najbli\u017cszego otoczenia papie\u017ca, a archiwalia o\u017cywione nowoczesn\u0105 technologi\u0105 oraz obraz zarejestrowany z u\u017cyciem kinowych obiektyw\u00f3w nadaje ca\u0142o\u015bci wyj\u0105tkow\u0105 si\u0142\u0119 przekazu. Maryja. Matka Papie\u017ca ods\u0142ania tajemnic\u0119 si\u0142y \u015bw. Jana Paw\u0142a II i zaprasza do osobistego spotkania z T\u0105, kt\u00f3ra jest drogowskazem do nieba, \u017ar\u00f3d\u0142em nadziei i odpowiedzi\u0105 na l\u0119ki wsp\u00f3\u0142czesnego \u015bwiata.<\/p>\n<\/div>\n<\/div>\n<\/div><\/div>\n<\/div>\n<\/div>\n<\/div>\n<\/div>\n<\/div>\n<div id=\"cmsmasters_row_xnkpwke0rq\" class=\"cmsmasters_row cmsmasters_color_scheme_default cmsmasters_row_top_default cmsmasters_row_bot_default cmsmasters_row_boxed\">\n<div class=\"cmsmasters_row_outer_parent\">\n<div class=\"cmsmasters_row_outer\">\n<div class=\"cmsmasters_row_inner\">\n<div class=\"cmsmasters_row_margin\">\n<div id=\"cmsmasters_column_a8olfl2p75\" class=\"cmsmasters_column one_half\">\n<div class=\"cmsmasters_column_inner\"><div class=\"cmsmasters_text\">\n<h3>Re\u017cyseria:<\/h3>\n<p>Jan Sobierajski<\/p>\n<h3>Obsada:<\/h3>\n<p>ks. Mateusz Szersze\u0144, prof. Jan \u017baryn, ks. Pawe\u0142 Ptasznik<\/p>\n<\/div>\n<\/div><\/div>\n<div id=\"cmsmasters_column_kca7kfnwbk\" class=\"cmsmasters_column one_half\">\n<div class=\"cmsmasters_column_inner\"><div class=\"cmsmasters_text\">\n<h3>Czas:<\/h3>\n<p>1h 20min<\/p>\n<h3>Gatunek:<\/h3>\n<p>religijny<\/p>\n<\/div>\n<\/div><\/div>\n<\/div>\n<\/div>\n<\/div>\n<\/div>\n<\/div>\n<div id=\"cmsmasters_row_aldsp4tysf\" class=\"cmsmasters_row cmsmasters_color_scheme_default cmsmasters_row_top_default cmsmasters_row_bot_default cmsmasters_row_boxed\">\n<div class=\"cmsmasters_row_outer_parent\">\n<div class=\"cmsmasters_row_outer\">\n<div class=\"cmsmasters_row_inner\">\n<div class=\"cmsmasters_row_margin\">\n<div id=\"cmsmasters_column_qvqsdhrqqq\" class=\"cmsmasters_column one_first\">\n<div class=\"cmsmasters_column_inner\"><div class=\"cmsmasters_embed_wrap\">\n<iframe loading=\"lazy\" title=\"MARYJA. MATKA PAPIE\u017bA | TEASER 1 | w kinach od 17 kwietnia\" width=\"1160\" height=\"653\" src=\"https:\/\/www.youtube.com\/embed\/JSdw0PHBHuQ?feature=oembed\" frameborder=\"0\" allow=\"accelerometer; autoplay; clipboard-write; encrypted-media; gyroscope; picture-in-picture; web-share\" referrerpolicy=\"strict-origin-when-cross-origin\" allowfullscreen><\/iframe><\/div>\n<\/div><\/div>\n<\/div>\n<\/div>\n<\/div>\n<\/div>\n<\/div>\n\n","protected":false},"excerpt":{"rendered":"<p>Film opowiada o duchowej wi\u0119zi Karola Wojty\u0142y z Matk\u0105 Bo\u017c\u0105, kt\u00f3ra mia\u0142a prowadzi\u0107 Jana Paw\u0142a II przez ca\u0142y pontyfikat, oraz o znaczeniu objawie\u0144 maryjnych.<\/p>\n","protected":false},"author":1,"featured_media":20699,"comment_status":"closed","ping_status":"closed","template":"","meta":{"_tribe_events_status":"","_tribe_events_status_reason":"","_tribe_events_is_hybrid":"","_tribe_events_is_virtual":"","_tribe_events_virtual_video_source":"","_tribe_events_virtual_embed_video":"","_tribe_events_virtual_linked_button_text":"","_tribe_events_virtual_linked_button":"","_tribe_events_virtual_show_embed_at":"","_tribe_events_virtual_show_embed_to":[],"_tribe_events_virtual_show_on_event":"","_tribe_events_virtual_show_on_views":"","_tribe_events_virtual_url":"","footnotes":""},"tags":[],"tribe_events_cat":[82],"class_list":["post-20698","tribe_events","type-tribe_events","status-publish","has-post-thumbnail","hentry","tribe_events_cat-religijny","cat_religijny"],"yoast_head":"<!-- This site is optimized with the Yoast SEO Premium plugin v24.3 (Yoast SEO v24.4) - https:\/\/yoast.com\/wordpress\/plugins\/seo\/ -->\n<title>Maryja. Matka Papie\u017ca - KAPITOL Gryfice | Kino | Restauracja | Kr\u0119gielnia | Pub<\/title>\n<meta name=\"robots\" content=\"index, follow, max-snippet:-1, max-image-preview:large, max-video-preview:-1\" \/>\n<link rel=\"canonical\" href=\"https:\/\/www.kapitol-gryfice.pl\/film\/maryja-matka-papieza\/\" \/>\n<meta property=\"og:locale\" content=\"en_US\" \/>\n<meta property=\"og:type\" content=\"article\" \/>\n<meta property=\"og:title\" content=\"Maryja. Matka Papie\u017ca\" \/>\n<meta property=\"og:description\" content=\"Film opowiada o duchowej wi\u0119zi Karola Wojty\u0142y z Matk\u0105 Bo\u017c\u0105, kt\u00f3ra mia\u0142a prowadzi\u0107 Jana Paw\u0142a II przez ca\u0142y pontyfikat, oraz o znaczeniu objawie\u0144 maryjnych.\" \/>\n<meta property=\"og:url\" content=\"https:\/\/www.kapitol-gryfice.pl\/film\/maryja-matka-papieza\/\" \/>\n<meta property=\"og:site_name\" content=\"KAPITOL Gryfice | Kino | Restauracja | Kr\u0119gielnia | Pub\" \/>\n<meta property=\"og:image\" content=\"https:\/\/www.kapitol-gryfice.pl\/wp-content\/uploads\/2026\/04\/Maryja-Matka-Papieza.jpg\" \/>\n\t<meta property=\"og:image:width\" content=\"384\" \/>\n\t<meta property=\"og:image:height\" content=\"549\" \/>\n\t<meta property=\"og:image:type\" content=\"image\/jpeg\" \/>\n<meta name=\"twitter:card\" content=\"summary_large_image\" \/>\n<meta name=\"twitter:label1\" content=\"Est. reading time\" \/>\n\t<meta name=\"twitter:data1\" content=\"2 minutes\" \/>\n<script type=\"application\/ld+json\" class=\"yoast-schema-graph\">{\"@context\":\"https:\/\/schema.org\",\"@graph\":[{\"@type\":\"WebPage\",\"@id\":\"https:\/\/www.kapitol-gryfice.pl\/film\/maryja-matka-papieza\/\",\"url\":\"https:\/\/www.kapitol-gryfice.pl\/film\/maryja-matka-papieza\/\",\"name\":\"Maryja. Matka Papie\u017ca - KAPITOL Gryfice | Kino | Restauracja | Kr\u0119gielnia | Pub\",\"isPartOf\":{\"@id\":\"https:\/\/www.kapitol-gryfice.pl\/#website\"},\"primaryImageOfPage\":{\"@id\":\"https:\/\/www.kapitol-gryfice.pl\/film\/maryja-matka-papieza\/#primaryimage\"},\"image\":{\"@id\":\"https:\/\/www.kapitol-gryfice.pl\/film\/maryja-matka-papieza\/#primaryimage\"},\"thumbnailUrl\":\"https:\/\/www.kapitol-gryfice.pl\/wp-content\/uploads\/2026\/04\/Maryja-Matka-Papieza.jpg\",\"datePublished\":\"2026-04-29T15:35:43+00:00\",\"breadcrumb\":{\"@id\":\"https:\/\/www.kapitol-gryfice.pl\/film\/maryja-matka-papieza\/#breadcrumb\"},\"inLanguage\":\"en-US\",\"potentialAction\":[{\"@type\":\"ReadAction\",\"target\":[\"https:\/\/www.kapitol-gryfice.pl\/film\/maryja-matka-papieza\/\"]}]},{\"@type\":\"ImageObject\",\"inLanguage\":\"en-US\",\"@id\":\"https:\/\/www.kapitol-gryfice.pl\/film\/maryja-matka-papieza\/#primaryimage\",\"url\":\"https:\/\/www.kapitol-gryfice.pl\/wp-content\/uploads\/2026\/04\/Maryja-Matka-Papieza.jpg\",\"contentUrl\":\"https:\/\/www.kapitol-gryfice.pl\/wp-content\/uploads\/2026\/04\/Maryja-Matka-Papieza.jpg\",\"width\":384,\"height\":549},{\"@type\":\"BreadcrumbList\",\"@id\":\"https:\/\/www.kapitol-gryfice.pl\/film\/maryja-matka-papieza\/#breadcrumb\",\"itemListElement\":[{\"@type\":\"ListItem\",\"position\":1,\"name\":\"Home\",\"item\":\"https:\/\/www.kapitol-gryfice.pl\/\"},{\"@type\":\"ListItem\",\"position\":2,\"name\":\"Filmy\",\"item\":\"https:\/\/www.kapitol-gryfice.pl\/filmy\/\"},{\"@type\":\"ListItem\",\"position\":3,\"name\":\"Maryja. Matka Papie\u017ca\"}]},{\"@type\":\"WebSite\",\"@id\":\"https:\/\/www.kapitol-gryfice.pl\/#website\",\"url\":\"https:\/\/www.kapitol-gryfice.pl\/\",\"name\":\"KAPITOL Gryfice | Kino | Restauracja | Kr\u0119gielnia | Pub\",\"description\":\"\",\"potentialAction\":[{\"@type\":\"SearchAction\",\"target\":{\"@type\":\"EntryPoint\",\"urlTemplate\":\"https:\/\/www.kapitol-gryfice.pl\/?s={search_term_string}\"},\"query-input\":{\"@type\":\"PropertyValueSpecification\",\"valueRequired\":true,\"valueName\":\"search_term_string\"}}],\"inLanguage\":\"en-US\"}]}<\/script>\n<!-- \/ Yoast SEO Premium plugin. -->","yoast_head_json":{"title":"Maryja. Matka Papie\u017ca - KAPITOL Gryfice | Kino | Restauracja | Kr\u0119gielnia | Pub","robots":{"index":"index","follow":"follow","max-snippet":"max-snippet:-1","max-image-preview":"max-image-preview:large","max-video-preview":"max-video-preview:-1"},"canonical":"https:\/\/www.kapitol-gryfice.pl\/film\/maryja-matka-papieza\/","og_locale":"en_US","og_type":"article","og_title":"Maryja. Matka Papie\u017ca","og_description":"Film opowiada o duchowej wi\u0119zi Karola Wojty\u0142y z Matk\u0105 Bo\u017c\u0105, kt\u00f3ra mia\u0142a prowadzi\u0107 Jana Paw\u0142a II przez ca\u0142y pontyfikat, oraz o znaczeniu objawie\u0144 maryjnych.","og_url":"https:\/\/www.kapitol-gryfice.pl\/film\/maryja-matka-papieza\/","og_site_name":"KAPITOL Gryfice | Kino | Restauracja | Kr\u0119gielnia | Pub","og_image":[{"width":384,"height":549,"url":"https:\/\/www.kapitol-gryfice.pl\/wp-content\/uploads\/2026\/04\/Maryja-Matka-Papieza.jpg","type":"image\/jpeg"}],"twitter_card":"summary_large_image","twitter_misc":{"Est. reading time":"2 minutes"},"schema":{"@context":"https:\/\/schema.org","@graph":[{"@type":"WebPage","@id":"https:\/\/www.kapitol-gryfice.pl\/film\/maryja-matka-papieza\/","url":"https:\/\/www.kapitol-gryfice.pl\/film\/maryja-matka-papieza\/","name":"Maryja. Matka Papie\u017ca - KAPITOL Gryfice | Kino | Restauracja | Kr\u0119gielnia | Pub","isPartOf":{"@id":"https:\/\/www.kapitol-gryfice.pl\/#website"},"primaryImageOfPage":{"@id":"https:\/\/www.kapitol-gryfice.pl\/film\/maryja-matka-papieza\/#primaryimage"},"image":{"@id":"https:\/\/www.kapitol-gryfice.pl\/film\/maryja-matka-papieza\/#primaryimage"},"thumbnailUrl":"https:\/\/www.kapitol-gryfice.pl\/wp-content\/uploads\/2026\/04\/Maryja-Matka-Papieza.jpg","datePublished":"2026-04-29T15:35:43+00:00","breadcrumb":{"@id":"https:\/\/www.kapitol-gryfice.pl\/film\/maryja-matka-papieza\/#breadcrumb"},"inLanguage":"en-US","potentialAction":[{"@type":"ReadAction","target":["https:\/\/www.kapitol-gryfice.pl\/film\/maryja-matka-papieza\/"]}]},{"@type":"ImageObject","inLanguage":"en-US","@id":"https:\/\/www.kapitol-gryfice.pl\/film\/maryja-matka-papieza\/#primaryimage","url":"https:\/\/www.kapitol-gryfice.pl\/wp-content\/uploads\/2026\/04\/Maryja-Matka-Papieza.jpg","contentUrl":"https:\/\/www.kapitol-gryfice.pl\/wp-content\/uploads\/2026\/04\/Maryja-Matka-Papieza.jpg","width":384,"height":549},{"@type":"BreadcrumbList","@id":"https:\/\/www.kapitol-gryfice.pl\/film\/maryja-matka-papieza\/#breadcrumb","itemListElement":[{"@type":"ListItem","position":1,"name":"Home","item":"https:\/\/www.kapitol-gryfice.pl\/"},{"@type":"ListItem","position":2,"name":"Filmy","item":"https:\/\/www.kapitol-gryfice.pl\/filmy\/"},{"@type":"ListItem","position":3,"name":"Maryja. Matka Papie\u017ca"}]},{"@type":"WebSite","@id":"https:\/\/www.kapitol-gryfice.pl\/#website","url":"https:\/\/www.kapitol-gryfice.pl\/","name":"KAPITOL Gryfice | Kino | Restauracja | Kr\u0119gielnia | Pub","description":"","potentialAction":[{"@type":"SearchAction","target":{"@type":"EntryPoint","urlTemplate":"https:\/\/www.kapitol-gryfice.pl\/?s={search_term_string}"},"query-input":{"@type":"PropertyValueSpecification","valueRequired":true,"valueName":"search_term_string"}}],"inLanguage":"en-US"}]}},"_links":{"self":[{"href":"https:\/\/www.kapitol-gryfice.pl\/en\/wp-json\/wp\/v2\/tribe_events\/20698","targetHints":{"allow":["GET"]}}],"collection":[{"href":"https:\/\/www.kapitol-gryfice.pl\/en\/wp-json\/wp\/v2\/tribe_events"}],"about":[{"href":"https:\/\/www.kapitol-gryfice.pl\/en\/wp-json\/wp\/v2\/types\/tribe_events"}],"author":[{"embeddable":true,"href":"https:\/\/www.kapitol-gryfice.pl\/en\/wp-json\/wp\/v2\/users\/1"}],"replies":[{"embeddable":true,"href":"https:\/\/www.kapitol-gryfice.pl\/en\/wp-json\/wp\/v2\/comments?post=20698"}],"version-history":[{"count":1,"href":"https:\/\/www.kapitol-gryfice.pl\/en\/wp-json\/wp\/v2\/tribe_events\/20698\/revisions"}],"predecessor-version":[{"id":20701,"href":"https:\/\/www.kapitol-gryfice.pl\/en\/wp-json\/wp\/v2\/tribe_events\/20698\/revisions\/20701"}],"wp:featuredmedia":[{"embeddable":true,"href":"https:\/\/www.kapitol-gryfice.pl\/en\/wp-json\/wp\/v2\/media\/20699"}],"wp:attachment":[{"href":"https:\/\/www.kapitol-gryfice.pl\/en\/wp-json\/wp\/v2\/media?parent=20698"}],"wp:term":[{"taxonomy":"post_tag","embeddable":true,"href":"https:\/\/www.kapitol-gryfice.pl\/en\/wp-json\/wp\/v2\/tags?post=20698"},{"taxonomy":"tribe_events_cat","embeddable":true,"href":"https:\/\/www.kapitol-gryfice.pl\/en\/wp-json\/wp\/v2\/tribe_events_cat?post=20698"}],"curies":[{"name":"wp","href":"https:\/\/api.w.org\/{rel}","templated":true}]}}