{"id":19597,"date":"2026-01-04T11:33:10","date_gmt":"2026-01-04T10:33:10","guid":{"rendered":"https:\/\/www.kapitol-gryfice.pl\/?post_type=tribe_events&#038;p=19597"},"modified":"2026-01-04T11:33:10","modified_gmt":"2026-01-04T10:33:10","slug":"andre-rieu-koncert-swiateczny-3","status":"publish","type":"tribe_events","link":"https:\/\/www.kapitol-gryfice.pl\/en\/film\/andre-rieu-koncert-swiateczny-3\/","title":{"rendered":"Andr\u00e9 Rieu: koncert \u015bwi\u0105teczny"},"content":{"rendered":"<div id=\"cmsmasters_row_\" class=\"cmsmasters_row cmsmasters_color_scheme_default cmsmasters_row_top_default cmsmasters_row_bot_default cmsmasters_row_boxed\">\n<div class=\"cmsmasters_row_outer_parent\">\n<div class=\"cmsmasters_row_outer\">\n<div class=\"cmsmasters_row_inner\">\n<div class=\"cmsmasters_row_margin\">\n<div id=\"cmsmasters_column_\" class=\"cmsmasters_column one_first\">\n<div class=\"cmsmasters_column_inner\"><div class=\"cmsmasters_text\">\n<\/div>\n<\/div><\/div>\n<\/div>\n<\/div>\n<\/div>\n<\/div>\n<\/div>\n<div id=\"cmsmasters_row_\" class=\"cmsmasters_row cmsmasters_color_scheme_default cmsmasters_row_top_default cmsmasters_row_bot_default cmsmasters_row_boxed\">\n<div class=\"cmsmasters_row_outer_parent\">\n<div class=\"cmsmasters_row_outer\">\n<div class=\"cmsmasters_row_inner\">\n<div class=\"cmsmasters_row_margin\">\n<div id=\"cmsmasters_column_\" class=\"cmsmasters_column one_first\">\n<div class=\"cmsmasters_column_inner\"><div class=\"cmsmasters_text\">\n<h3>Opis show<\/h3>\n<p>Bo\u017ce Narodzenie i Nowy Rok od zawsze by\u0142y ulubionym czasem Andr\u00e9. Nic wi\u0119c dziwnego, \u017ce z ogromn\u0105 rado\u015bci\u0105 dzieli si\u0119 on co roku swoim wyj\u0105tkowym \u015bwi\u0105tecznym show, nie tylko z publiczno\u015bci\u0105, kt\u00f3ra na \u017cywo podziwia jego grudniowe wyst\u0119py w Maastricht, ale tak\u017ce z widzami zgromadzonymi w kinach ca\u0142ego \u015bwiata. To sprawia, \u017ce jego \u015bwi\u0105teczne koncerty ogl\u0105da milionowa publiczno\u015b\u0107.<\/p>\n<p>Maestro wraz ze swoj\u0105 fenomenaln\u0105 Orkiestr\u0105 Johanna Straussa jak zawsze przygotowa\u0142 widowisko pe\u0142ne ciep\u0142a, \u015bmiechu i emocji. W\u015br\u00f3d zaproszonych go\u015bci znalaz\u0142a si\u0119 fenomenalna Emma Kok, kt\u00f3ra ju\u017c podbi\u0142a serca publiczno\u015bci na ca\u0142ym \u015bwiecie. Na estrad\u0119 za\u015b wkroczy 400-osobowa orkiestra d\u0119ta, kt\u00f3ra wykona tradycyjn\u0105 pie\u015b\u0144 \u201eGo Tell It on the Mountain\u201d. Muzycy ci tak\u017ce wespr\u0105 swym majestatycznym brzmieniem Ann\u0119 Reker, kt\u00f3ra za\u015bpiewa kol\u0119d\u0119 \u201eDzwoneczk\u00f3w d\u017awi\u0119k\u201d.<\/p>\n<p>To co\u015b wi\u0119cej ni\u017c zwyk\u0142y \u015bwi\u0105teczny koncert. To pe\u0142ne muzycznych prezent\u00f3w i przesycone magiczn\u0105 atmosfer\u0105 Bo\u017cego Narodzenia kinowe wydarzenie, kt\u00f3re na d\u0142ugo pozostanie w pami\u0119ci Twojej i Twoich najbli\u017cszych.<\/p>\n<p>&nbsp;<\/p>\n<p>&nbsp;<\/p>\n<\/div>\n<\/div><\/div>\n<\/div>\n<\/div>\n<\/div>\n<\/div>\n<\/div>\n<div id=\"cmsmasters_row_\" class=\"cmsmasters_row cmsmasters_color_scheme_default cmsmasters_row_top_default cmsmasters_row_bot_default cmsmasters_row_boxed\">\n<div class=\"cmsmasters_row_outer_parent\">\n<div class=\"cmsmasters_row_outer\">\n<div class=\"cmsmasters_row_inner\">\n<div class=\"cmsmasters_row_margin\">\n<div id=\"cmsmasters_column_\" class=\"cmsmasters_column one_first\">\n<div class=\"cmsmasters_column_inner\"><div class=\"cmsmasters_text\">\n<\/div>\n<\/div><\/div>\n<\/div>\n<\/div>\n<\/div>\n<\/div>\n<\/div>\n","protected":false},"excerpt":{"rendered":"<p>Bo\u017ce Narodzenie i Nowy Rok od zawsze by\u0142y ulubionym czasem Andr\u00e9. Nic wi\u0119c dziwnego, \u017ce z ogromn\u0105 rado\u015bci\u0105 dzieli si\u0119 on co roku swoim wyj\u0105tkowym \u015bwi\u0105tecznym show, nie tylko z publiczno\u015bci\u0105, kt\u00f3ra na \u017cywo podziwia jego grudniowe wyst\u0119py w Maastricht, ale tak\u017ce z widzami zgromadzonymi w kinach ca\u0142ego \u015bwiata.<\/p>\n","protected":false},"author":1,"featured_media":19333,"comment_status":"open","ping_status":"closed","template":"","meta":{"_tribe_events_status":"","_tribe_events_status_reason":"","_tribe_events_is_hybrid":"","_tribe_events_is_virtual":"","_tribe_events_virtual_video_source":"","_tribe_events_virtual_embed_video":"","_tribe_events_virtual_linked_button_text":"","_tribe_events_virtual_linked_button":"","_tribe_events_virtual_show_embed_at":"","_tribe_events_virtual_show_embed_to":[],"_tribe_events_virtual_show_on_event":"","_tribe_events_virtual_show_on_views":"","_tribe_events_virtual_url":"","footnotes":""},"tags":[],"tribe_events_cat":[65],"class_list":["post-19597","tribe_events","type-tribe_events","status-publish","has-post-thumbnail","hentry","tribe_events_cat-koncert","cat_koncert"],"yoast_head":"<!-- This site is optimized with the Yoast SEO Premium plugin v24.3 (Yoast SEO v24.4) - https:\/\/yoast.com\/wordpress\/plugins\/seo\/ -->\n<title>Andr\u00e9 Rieu: koncert \u015bwi\u0105teczny - KAPITOL Gryfice | Kino | Restauracja | Kr\u0119gielnia | Pub<\/title>\n<meta name=\"robots\" content=\"index, follow, max-snippet:-1, max-image-preview:large, max-video-preview:-1\" \/>\n<link rel=\"canonical\" href=\"https:\/\/www.kapitol-gryfice.pl\/film\/andre-rieu-koncert-swiateczny-3\/\" \/>\n<meta property=\"og:locale\" content=\"en_US\" \/>\n<meta property=\"og:type\" content=\"article\" \/>\n<meta property=\"og:title\" content=\"Andr\u00e9 Rieu: koncert \u015bwi\u0105teczny\" \/>\n<meta property=\"og:description\" content=\"Bo\u017ce Narodzenie i Nowy Rok od zawsze by\u0142y ulubionym czasem Andr\u00e9. Nic wi\u0119c dziwnego, \u017ce z ogromn\u0105 rado\u015bci\u0105 dzieli si\u0119 on co roku swoim wyj\u0105tkowym \u015bwi\u0105tecznym show, nie tylko z publiczno\u015bci\u0105, kt\u00f3ra na \u017cywo podziwia jego grudniowe wyst\u0119py w Maastricht, ale tak\u017ce z widzami zgromadzonymi w kinach ca\u0142ego \u015bwiata.\" \/>\n<meta property=\"og:url\" content=\"https:\/\/www.kapitol-gryfice.pl\/film\/andre-rieu-koncert-swiateczny-3\/\" \/>\n<meta property=\"og:site_name\" content=\"KAPITOL Gryfice | Kino | Restauracja | Kr\u0119gielnia | Pub\" \/>\n<meta property=\"og:image\" content=\"https:\/\/www.kapitol-gryfice.pl\/wp-content\/uploads\/2025\/12\/AndreRieuWesolychSwiat2025.jpg\" \/>\n\t<meta property=\"og:image:width\" content=\"384\" \/>\n\t<meta property=\"og:image:height\" content=\"549\" \/>\n\t<meta property=\"og:image:type\" content=\"image\/jpeg\" \/>\n<meta name=\"twitter:card\" content=\"summary_large_image\" \/>\n<meta name=\"twitter:label1\" content=\"Est. reading time\" \/>\n\t<meta name=\"twitter:data1\" content=\"2 minutes\" \/>\n<script type=\"application\/ld+json\" class=\"yoast-schema-graph\">{\"@context\":\"https:\/\/schema.org\",\"@graph\":[{\"@type\":\"WebPage\",\"@id\":\"https:\/\/www.kapitol-gryfice.pl\/film\/andre-rieu-koncert-swiateczny-3\/\",\"url\":\"https:\/\/www.kapitol-gryfice.pl\/film\/andre-rieu-koncert-swiateczny-3\/\",\"name\":\"Andr\u00e9 Rieu: koncert \u015bwi\u0105teczny - KAPITOL Gryfice | Kino | Restauracja | Kr\u0119gielnia | Pub\",\"isPartOf\":{\"@id\":\"https:\/\/www.kapitol-gryfice.pl\/#website\"},\"primaryImageOfPage\":{\"@id\":\"https:\/\/www.kapitol-gryfice.pl\/film\/andre-rieu-koncert-swiateczny-3\/#primaryimage\"},\"image\":{\"@id\":\"https:\/\/www.kapitol-gryfice.pl\/film\/andre-rieu-koncert-swiateczny-3\/#primaryimage\"},\"thumbnailUrl\":\"https:\/\/www.kapitol-gryfice.pl\/wp-content\/uploads\/2025\/12\/AndreRieuWesolychSwiat2025.jpg\",\"datePublished\":\"2026-01-04T10:33:10+00:00\",\"breadcrumb\":{\"@id\":\"https:\/\/www.kapitol-gryfice.pl\/film\/andre-rieu-koncert-swiateczny-3\/#breadcrumb\"},\"inLanguage\":\"en-US\",\"potentialAction\":[{\"@type\":\"ReadAction\",\"target\":[\"https:\/\/www.kapitol-gryfice.pl\/film\/andre-rieu-koncert-swiateczny-3\/\"]}]},{\"@type\":\"ImageObject\",\"inLanguage\":\"en-US\",\"@id\":\"https:\/\/www.kapitol-gryfice.pl\/film\/andre-rieu-koncert-swiateczny-3\/#primaryimage\",\"url\":\"https:\/\/www.kapitol-gryfice.pl\/wp-content\/uploads\/2025\/12\/AndreRieuWesolychSwiat2025.jpg\",\"contentUrl\":\"https:\/\/www.kapitol-gryfice.pl\/wp-content\/uploads\/2025\/12\/AndreRieuWesolychSwiat2025.jpg\",\"width\":384,\"height\":549},{\"@type\":\"BreadcrumbList\",\"@id\":\"https:\/\/www.kapitol-gryfice.pl\/film\/andre-rieu-koncert-swiateczny-3\/#breadcrumb\",\"itemListElement\":[{\"@type\":\"ListItem\",\"position\":1,\"name\":\"Home\",\"item\":\"https:\/\/www.kapitol-gryfice.pl\/\"},{\"@type\":\"ListItem\",\"position\":2,\"name\":\"Filmy\",\"item\":\"https:\/\/www.kapitol-gryfice.pl\/filmy\/\"},{\"@type\":\"ListItem\",\"position\":3,\"name\":\"Andr\u00e9 Rieu: koncert \u015bwi\u0105teczny\"}]},{\"@type\":\"WebSite\",\"@id\":\"https:\/\/www.kapitol-gryfice.pl\/#website\",\"url\":\"https:\/\/www.kapitol-gryfice.pl\/\",\"name\":\"KAPITOL Gryfice | Kino | Restauracja | Kr\u0119gielnia | Pub\",\"description\":\"\",\"potentialAction\":[{\"@type\":\"SearchAction\",\"target\":{\"@type\":\"EntryPoint\",\"urlTemplate\":\"https:\/\/www.kapitol-gryfice.pl\/?s={search_term_string}\"},\"query-input\":{\"@type\":\"PropertyValueSpecification\",\"valueRequired\":true,\"valueName\":\"search_term_string\"}}],\"inLanguage\":\"en-US\"}]}<\/script>\n<!-- \/ Yoast SEO Premium plugin. -->","yoast_head_json":{"title":"Andr\u00e9 Rieu: koncert \u015bwi\u0105teczny - KAPITOL Gryfice | Kino | Restauracja | Kr\u0119gielnia | Pub","robots":{"index":"index","follow":"follow","max-snippet":"max-snippet:-1","max-image-preview":"max-image-preview:large","max-video-preview":"max-video-preview:-1"},"canonical":"https:\/\/www.kapitol-gryfice.pl\/film\/andre-rieu-koncert-swiateczny-3\/","og_locale":"en_US","og_type":"article","og_title":"Andr\u00e9 Rieu: koncert \u015bwi\u0105teczny","og_description":"Bo\u017ce Narodzenie i Nowy Rok od zawsze by\u0142y ulubionym czasem Andr\u00e9. Nic wi\u0119c dziwnego, \u017ce z ogromn\u0105 rado\u015bci\u0105 dzieli si\u0119 on co roku swoim wyj\u0105tkowym \u015bwi\u0105tecznym show, nie tylko z publiczno\u015bci\u0105, kt\u00f3ra na \u017cywo podziwia jego grudniowe wyst\u0119py w Maastricht, ale tak\u017ce z widzami zgromadzonymi w kinach ca\u0142ego \u015bwiata.","og_url":"https:\/\/www.kapitol-gryfice.pl\/film\/andre-rieu-koncert-swiateczny-3\/","og_site_name":"KAPITOL Gryfice | Kino | Restauracja | Kr\u0119gielnia | Pub","og_image":[{"width":384,"height":549,"url":"https:\/\/www.kapitol-gryfice.pl\/wp-content\/uploads\/2025\/12\/AndreRieuWesolychSwiat2025.jpg","type":"image\/jpeg"}],"twitter_card":"summary_large_image","twitter_misc":{"Est. reading time":"2 minutes"},"schema":{"@context":"https:\/\/schema.org","@graph":[{"@type":"WebPage","@id":"https:\/\/www.kapitol-gryfice.pl\/film\/andre-rieu-koncert-swiateczny-3\/","url":"https:\/\/www.kapitol-gryfice.pl\/film\/andre-rieu-koncert-swiateczny-3\/","name":"Andr\u00e9 Rieu: koncert \u015bwi\u0105teczny - KAPITOL Gryfice | Kino | Restauracja | Kr\u0119gielnia | Pub","isPartOf":{"@id":"https:\/\/www.kapitol-gryfice.pl\/#website"},"primaryImageOfPage":{"@id":"https:\/\/www.kapitol-gryfice.pl\/film\/andre-rieu-koncert-swiateczny-3\/#primaryimage"},"image":{"@id":"https:\/\/www.kapitol-gryfice.pl\/film\/andre-rieu-koncert-swiateczny-3\/#primaryimage"},"thumbnailUrl":"https:\/\/www.kapitol-gryfice.pl\/wp-content\/uploads\/2025\/12\/AndreRieuWesolychSwiat2025.jpg","datePublished":"2026-01-04T10:33:10+00:00","breadcrumb":{"@id":"https:\/\/www.kapitol-gryfice.pl\/film\/andre-rieu-koncert-swiateczny-3\/#breadcrumb"},"inLanguage":"en-US","potentialAction":[{"@type":"ReadAction","target":["https:\/\/www.kapitol-gryfice.pl\/film\/andre-rieu-koncert-swiateczny-3\/"]}]},{"@type":"ImageObject","inLanguage":"en-US","@id":"https:\/\/www.kapitol-gryfice.pl\/film\/andre-rieu-koncert-swiateczny-3\/#primaryimage","url":"https:\/\/www.kapitol-gryfice.pl\/wp-content\/uploads\/2025\/12\/AndreRieuWesolychSwiat2025.jpg","contentUrl":"https:\/\/www.kapitol-gryfice.pl\/wp-content\/uploads\/2025\/12\/AndreRieuWesolychSwiat2025.jpg","width":384,"height":549},{"@type":"BreadcrumbList","@id":"https:\/\/www.kapitol-gryfice.pl\/film\/andre-rieu-koncert-swiateczny-3\/#breadcrumb","itemListElement":[{"@type":"ListItem","position":1,"name":"Home","item":"https:\/\/www.kapitol-gryfice.pl\/"},{"@type":"ListItem","position":2,"name":"Filmy","item":"https:\/\/www.kapitol-gryfice.pl\/filmy\/"},{"@type":"ListItem","position":3,"name":"Andr\u00e9 Rieu: koncert \u015bwi\u0105teczny"}]},{"@type":"WebSite","@id":"https:\/\/www.kapitol-gryfice.pl\/#website","url":"https:\/\/www.kapitol-gryfice.pl\/","name":"KAPITOL Gryfice | Kino | Restauracja | Kr\u0119gielnia | Pub","description":"","potentialAction":[{"@type":"SearchAction","target":{"@type":"EntryPoint","urlTemplate":"https:\/\/www.kapitol-gryfice.pl\/?s={search_term_string}"},"query-input":{"@type":"PropertyValueSpecification","valueRequired":true,"valueName":"search_term_string"}}],"inLanguage":"en-US"}]}},"_links":{"self":[{"href":"https:\/\/www.kapitol-gryfice.pl\/en\/wp-json\/wp\/v2\/tribe_events\/19597","targetHints":{"allow":["GET"]}}],"collection":[{"href":"https:\/\/www.kapitol-gryfice.pl\/en\/wp-json\/wp\/v2\/tribe_events"}],"about":[{"href":"https:\/\/www.kapitol-gryfice.pl\/en\/wp-json\/wp\/v2\/types\/tribe_events"}],"author":[{"embeddable":true,"href":"https:\/\/www.kapitol-gryfice.pl\/en\/wp-json\/wp\/v2\/users\/1"}],"replies":[{"embeddable":true,"href":"https:\/\/www.kapitol-gryfice.pl\/en\/wp-json\/wp\/v2\/comments?post=19597"}],"version-history":[{"count":1,"href":"https:\/\/www.kapitol-gryfice.pl\/en\/wp-json\/wp\/v2\/tribe_events\/19597\/revisions"}],"predecessor-version":[{"id":19598,"href":"https:\/\/www.kapitol-gryfice.pl\/en\/wp-json\/wp\/v2\/tribe_events\/19597\/revisions\/19598"}],"wp:featuredmedia":[{"embeddable":true,"href":"https:\/\/www.kapitol-gryfice.pl\/en\/wp-json\/wp\/v2\/media\/19333"}],"wp:attachment":[{"href":"https:\/\/www.kapitol-gryfice.pl\/en\/wp-json\/wp\/v2\/media?parent=19597"}],"wp:term":[{"taxonomy":"post_tag","embeddable":true,"href":"https:\/\/www.kapitol-gryfice.pl\/en\/wp-json\/wp\/v2\/tags?post=19597"},{"taxonomy":"tribe_events_cat","embeddable":true,"href":"https:\/\/www.kapitol-gryfice.pl\/en\/wp-json\/wp\/v2\/tribe_events_cat?post=19597"}],"curies":[{"name":"wp","href":"https:\/\/api.w.org\/{rel}","templated":true}]}}