{"id":19549,"date":"2025-12-28T16:53:27","date_gmt":"2025-12-28T15:53:27","guid":{"rendered":"https:\/\/www.kapitol-gryfice.pl\/?post_type=tribe_events&#038;p=19549"},"modified":"2025-12-28T16:53:27","modified_gmt":"2025-12-28T15:53:27","slug":"anakonda-8","status":"publish","type":"tribe_events","link":"https:\/\/www.kapitol-gryfice.pl\/en\/film\/anakonda-8\/","title":{"rendered":"Anakonda"},"content":{"rendered":"<div id=\"cmsmasters_row_\" class=\"cmsmasters_row cmsmasters_color_scheme_default cmsmasters_row_top_default cmsmasters_row_bot_default cmsmasters_row_boxed\">\n<div class=\"cmsmasters_row_outer_parent\">\n<div class=\"cmsmasters_row_outer\">\n<div class=\"cmsmasters_row_inner\">\n<div class=\"cmsmasters_row_margin\">\n<div id=\"cmsmasters_column_\" class=\"cmsmasters_column one_first\">\n<div class=\"cmsmasters_column_inner\"><div class=\"cmsmasters_text\">\n<\/div>\n<\/div><\/div>\n<\/div>\n<\/div>\n<\/div>\n<\/div>\n<\/div>\n<div id=\"cmsmasters_row_\" class=\"cmsmasters_row cmsmasters_color_scheme_default cmsmasters_row_top_default cmsmasters_row_bot_default cmsmasters_row_boxed\">\n<div class=\"cmsmasters_row_outer_parent\">\n<div class=\"cmsmasters_row_outer\">\n<div class=\"cmsmasters_row_inner\">\n<div class=\"cmsmasters_row_margin\">\n<div id=\"cmsmasters_column_\" class=\"cmsmasters_column one_first\">\n<div class=\"cmsmasters_column_inner\"><div class=\"cmsmasters_text\">\n<h3>Opis filmu<\/h3>\n<div class=\"summary\">\n<p>Doug (Jack Black) i Griff (Paul Rudd) s\u0105 najlepszymi przyjaci\u00f3\u0142mi od dzieci\u0144stwa i zawsze marzyli o nakr\u0119ceniu remake&#8217;u swojego ulubionego filmu wszech czas\u00f3w: kinowego klasyka \u2013 &#8220;Anakonda&#8221;. Kiedy kryzys wieku \u015bredniego popycha ich do podj\u0119cia tego wyzwania, wyruszaj\u0105 w g\u0142\u0105b Amazonii, aby rozpocz\u0105\u0107 zdj\u0119cia. Jednak sytuacja staje si\u0119 powa\u017cna, gdy pojawia si\u0119 prawdziwa gigantyczna anakonda, zamieniaj\u0105c ich komicznie chaotyczny plan filmowy w \u015bmiertelnie niebezpieczne miejsce. Film, kt\u00f3ry tak bardzo chc\u0105 nakr\u0119ci\u0107? Mo\u017ce w\u0142a\u015bnie doprowadzi\u0107 ich do \u015bmierci&#8230;<\/p>\n<\/div>\n<\/div>\n<\/div><\/div>\n<\/div>\n<\/div>\n<\/div>\n<\/div>\n<\/div>\n<div id=\"cmsmasters_row_xnkpwke0rq\" class=\"cmsmasters_row cmsmasters_color_scheme_default cmsmasters_row_top_default cmsmasters_row_bot_default cmsmasters_row_boxed\">\n<div class=\"cmsmasters_row_outer_parent\">\n<div class=\"cmsmasters_row_outer\">\n<div class=\"cmsmasters_row_inner\">\n<div class=\"cmsmasters_row_margin\">\n<div id=\"cmsmasters_column_a8olfl2p75\" class=\"cmsmasters_column one_half\">\n<div class=\"cmsmasters_column_inner\"><div class=\"cmsmasters_text\">\n<h3>Re\u017cyseria:<\/h3>\n<p>Tom Gormican<\/p>\n<h3>Obsada:<\/h3>\n<p>Jack Black, Paul Rudd, Steve Zahn, Thandiwe Newton<\/p>\n<\/div>\n<\/div><\/div>\n<div id=\"cmsmasters_column_kca7kfnwbk\" class=\"cmsmasters_column one_half\">\n<div class=\"cmsmasters_column_inner\"><div class=\"cmsmasters_text\">\n<h3>Czas:<\/h3>\n<p>1h 40 min<\/p>\n<h3>Gatunek:<\/h3>\n<p>komedia<\/p>\n<\/div>\n<\/div><\/div>\n<\/div>\n<\/div>\n<\/div>\n<\/div>\n<\/div>\n<div id=\"cmsmasters_row_2xu4d79zjm\" class=\"cmsmasters_row cmsmasters_color_scheme_default cmsmasters_row_top_default cmsmasters_row_bot_default cmsmasters_row_boxed\">\n<div class=\"cmsmasters_row_outer_parent\">\n<div class=\"cmsmasters_row_outer\">\n<div class=\"cmsmasters_row_inner\">\n<div class=\"cmsmasters_row_margin\">\n<div id=\"cmsmasters_column_w1osv0lht\" class=\"cmsmasters_column one_first\">\n<div class=\"cmsmasters_column_inner\"><div class=\"cmsmasters_embed_wrap\">\n<iframe loading=\"lazy\" title=\"Anakonda - zwiastun filmu\" width=\"1160\" height=\"653\" src=\"https:\/\/www.youtube.com\/embed\/mZazU1Jd9a8?feature=oembed\" frameborder=\"0\" allow=\"accelerometer; autoplay; clipboard-write; encrypted-media; gyroscope; picture-in-picture; web-share\" referrerpolicy=\"strict-origin-when-cross-origin\" allowfullscreen><\/iframe><\/div>\n<\/div><\/div>\n<\/div>\n<\/div>\n<\/div>\n<\/div>\n<\/div>\n<div id=\"cmsmasters_row_\" class=\"cmsmasters_row cmsmasters_color_scheme_default cmsmasters_row_top_default cmsmasters_row_bot_default cmsmasters_row_boxed\">\n<div class=\"cmsmasters_row_outer_parent\">\n<div class=\"cmsmasters_row_outer\">\n<div class=\"cmsmasters_row_inner\">\n<div class=\"cmsmasters_row_margin\">\n<div id=\"cmsmasters_column_\" class=\"cmsmasters_column one_first\">\n<div class=\"cmsmasters_column_inner\"><div class=\"cmsmasters_text\">\n<\/div>\n<\/div><\/div>\n<\/div>\n<\/div>\n<\/div>\n<\/div>\n<\/div>\n","protected":false},"excerpt":{"rendered":"<p>Doug (Jack Black) i Griff (Paul Rudd) s\u0105 najlepszymi przyjaci\u00f3\u0142mi od dzieci\u0144stwa i zawsze marzyli o nakr\u0119ceniu remake&#8217;u swojego ulubionego filmu wszech czas\u00f3w: kinowego&#8230; <\/p>\n","protected":false},"author":1,"featured_media":19440,"comment_status":"closed","ping_status":"closed","template":"","meta":{"_tribe_events_status":"","_tribe_events_status_reason":"","_tribe_events_is_hybrid":"","_tribe_events_is_virtual":"","_tribe_events_virtual_video_source":"","_tribe_events_virtual_embed_video":"","_tribe_events_virtual_linked_button_text":"","_tribe_events_virtual_linked_button":"","_tribe_events_virtual_show_embed_at":"","_tribe_events_virtual_show_embed_to":[],"_tribe_events_virtual_show_on_event":"","_tribe_events_virtual_show_on_views":"","_tribe_events_virtual_url":"","footnotes":""},"tags":[],"tribe_events_cat":[77],"class_list":["post-19549","tribe_events","type-tribe_events","status-publish","has-post-thumbnail","hentry","tribe_events_cat-komedia","cat_komedia"],"yoast_head":"<!-- This site is optimized with the Yoast SEO Premium plugin v24.3 (Yoast SEO v24.4) - https:\/\/yoast.com\/wordpress\/plugins\/seo\/ -->\n<title>Anakonda - KAPITOL Gryfice | Kino | Restauracja | Kr\u0119gielnia | Pub<\/title>\n<meta name=\"robots\" content=\"index, follow, max-snippet:-1, max-image-preview:large, max-video-preview:-1\" \/>\n<link rel=\"canonical\" href=\"https:\/\/www.kapitol-gryfice.pl\/film\/anakonda-8\/\" \/>\n<meta property=\"og:locale\" content=\"en_US\" \/>\n<meta property=\"og:type\" content=\"article\" \/>\n<meta property=\"og:title\" content=\"Anakonda\" \/>\n<meta property=\"og:description\" content=\"Doug (Jack Black) i Griff (Paul Rudd) s\u0105 najlepszymi przyjaci\u00f3\u0142mi od dzieci\u0144stwa i zawsze marzyli o nakr\u0119ceniu remake&#039;u swojego ulubionego filmu wszech czas\u00f3w: kinowego...\" \/>\n<meta property=\"og:url\" content=\"https:\/\/www.kapitol-gryfice.pl\/film\/anakonda-8\/\" \/>\n<meta property=\"og:site_name\" content=\"KAPITOL Gryfice | Kino | Restauracja | Kr\u0119gielnia | Pub\" \/>\n<meta property=\"og:image\" content=\"https:\/\/www.kapitol-gryfice.pl\/wp-content\/uploads\/2025\/12\/anakonda.jpg\" \/>\n\t<meta property=\"og:image:width\" content=\"384\" \/>\n\t<meta property=\"og:image:height\" content=\"549\" \/>\n\t<meta property=\"og:image:type\" content=\"image\/jpeg\" \/>\n<meta name=\"twitter:card\" content=\"summary_large_image\" \/>\n<meta name=\"twitter:label1\" content=\"Est. reading time\" \/>\n\t<meta name=\"twitter:data1\" content=\"2 minutes\" \/>\n<script type=\"application\/ld+json\" class=\"yoast-schema-graph\">{\"@context\":\"https:\/\/schema.org\",\"@graph\":[{\"@type\":\"WebPage\",\"@id\":\"https:\/\/www.kapitol-gryfice.pl\/film\/anakonda-8\/\",\"url\":\"https:\/\/www.kapitol-gryfice.pl\/film\/anakonda-8\/\",\"name\":\"Anakonda - KAPITOL Gryfice | Kino | Restauracja | Kr\u0119gielnia | Pub\",\"isPartOf\":{\"@id\":\"https:\/\/www.kapitol-gryfice.pl\/#website\"},\"primaryImageOfPage\":{\"@id\":\"https:\/\/www.kapitol-gryfice.pl\/film\/anakonda-8\/#primaryimage\"},\"image\":{\"@id\":\"https:\/\/www.kapitol-gryfice.pl\/film\/anakonda-8\/#primaryimage\"},\"thumbnailUrl\":\"https:\/\/www.kapitol-gryfice.pl\/wp-content\/uploads\/2025\/12\/anakonda.jpg\",\"datePublished\":\"2025-12-28T15:53:27+00:00\",\"breadcrumb\":{\"@id\":\"https:\/\/www.kapitol-gryfice.pl\/film\/anakonda-8\/#breadcrumb\"},\"inLanguage\":\"en-US\",\"potentialAction\":[{\"@type\":\"ReadAction\",\"target\":[\"https:\/\/www.kapitol-gryfice.pl\/film\/anakonda-8\/\"]}]},{\"@type\":\"ImageObject\",\"inLanguage\":\"en-US\",\"@id\":\"https:\/\/www.kapitol-gryfice.pl\/film\/anakonda-8\/#primaryimage\",\"url\":\"https:\/\/www.kapitol-gryfice.pl\/wp-content\/uploads\/2025\/12\/anakonda.jpg\",\"contentUrl\":\"https:\/\/www.kapitol-gryfice.pl\/wp-content\/uploads\/2025\/12\/anakonda.jpg\",\"width\":384,\"height\":549},{\"@type\":\"BreadcrumbList\",\"@id\":\"https:\/\/www.kapitol-gryfice.pl\/film\/anakonda-8\/#breadcrumb\",\"itemListElement\":[{\"@type\":\"ListItem\",\"position\":1,\"name\":\"Home\",\"item\":\"https:\/\/www.kapitol-gryfice.pl\/\"},{\"@type\":\"ListItem\",\"position\":2,\"name\":\"Filmy\",\"item\":\"https:\/\/www.kapitol-gryfice.pl\/filmy\/\"},{\"@type\":\"ListItem\",\"position\":3,\"name\":\"Anakonda\"}]},{\"@type\":\"WebSite\",\"@id\":\"https:\/\/www.kapitol-gryfice.pl\/#website\",\"url\":\"https:\/\/www.kapitol-gryfice.pl\/\",\"name\":\"KAPITOL Gryfice | Kino | Restauracja | Kr\u0119gielnia | Pub\",\"description\":\"\",\"potentialAction\":[{\"@type\":\"SearchAction\",\"target\":{\"@type\":\"EntryPoint\",\"urlTemplate\":\"https:\/\/www.kapitol-gryfice.pl\/?s={search_term_string}\"},\"query-input\":{\"@type\":\"PropertyValueSpecification\",\"valueRequired\":true,\"valueName\":\"search_term_string\"}}],\"inLanguage\":\"en-US\"}]}<\/script>\n<!-- \/ Yoast SEO Premium plugin. -->","yoast_head_json":{"title":"Anakonda - KAPITOL Gryfice | Kino | Restauracja | Kr\u0119gielnia | Pub","robots":{"index":"index","follow":"follow","max-snippet":"max-snippet:-1","max-image-preview":"max-image-preview:large","max-video-preview":"max-video-preview:-1"},"canonical":"https:\/\/www.kapitol-gryfice.pl\/film\/anakonda-8\/","og_locale":"en_US","og_type":"article","og_title":"Anakonda","og_description":"Doug (Jack Black) i Griff (Paul Rudd) s\u0105 najlepszymi przyjaci\u00f3\u0142mi od dzieci\u0144stwa i zawsze marzyli o nakr\u0119ceniu remake'u swojego ulubionego filmu wszech czas\u00f3w: kinowego...","og_url":"https:\/\/www.kapitol-gryfice.pl\/film\/anakonda-8\/","og_site_name":"KAPITOL Gryfice | Kino | Restauracja | Kr\u0119gielnia | Pub","og_image":[{"width":384,"height":549,"url":"https:\/\/www.kapitol-gryfice.pl\/wp-content\/uploads\/2025\/12\/anakonda.jpg","type":"image\/jpeg"}],"twitter_card":"summary_large_image","twitter_misc":{"Est. reading time":"2 minutes"},"schema":{"@context":"https:\/\/schema.org","@graph":[{"@type":"WebPage","@id":"https:\/\/www.kapitol-gryfice.pl\/film\/anakonda-8\/","url":"https:\/\/www.kapitol-gryfice.pl\/film\/anakonda-8\/","name":"Anakonda - KAPITOL Gryfice | Kino | Restauracja | Kr\u0119gielnia | Pub","isPartOf":{"@id":"https:\/\/www.kapitol-gryfice.pl\/#website"},"primaryImageOfPage":{"@id":"https:\/\/www.kapitol-gryfice.pl\/film\/anakonda-8\/#primaryimage"},"image":{"@id":"https:\/\/www.kapitol-gryfice.pl\/film\/anakonda-8\/#primaryimage"},"thumbnailUrl":"https:\/\/www.kapitol-gryfice.pl\/wp-content\/uploads\/2025\/12\/anakonda.jpg","datePublished":"2025-12-28T15:53:27+00:00","breadcrumb":{"@id":"https:\/\/www.kapitol-gryfice.pl\/film\/anakonda-8\/#breadcrumb"},"inLanguage":"en-US","potentialAction":[{"@type":"ReadAction","target":["https:\/\/www.kapitol-gryfice.pl\/film\/anakonda-8\/"]}]},{"@type":"ImageObject","inLanguage":"en-US","@id":"https:\/\/www.kapitol-gryfice.pl\/film\/anakonda-8\/#primaryimage","url":"https:\/\/www.kapitol-gryfice.pl\/wp-content\/uploads\/2025\/12\/anakonda.jpg","contentUrl":"https:\/\/www.kapitol-gryfice.pl\/wp-content\/uploads\/2025\/12\/anakonda.jpg","width":384,"height":549},{"@type":"BreadcrumbList","@id":"https:\/\/www.kapitol-gryfice.pl\/film\/anakonda-8\/#breadcrumb","itemListElement":[{"@type":"ListItem","position":1,"name":"Home","item":"https:\/\/www.kapitol-gryfice.pl\/"},{"@type":"ListItem","position":2,"name":"Filmy","item":"https:\/\/www.kapitol-gryfice.pl\/filmy\/"},{"@type":"ListItem","position":3,"name":"Anakonda"}]},{"@type":"WebSite","@id":"https:\/\/www.kapitol-gryfice.pl\/#website","url":"https:\/\/www.kapitol-gryfice.pl\/","name":"KAPITOL Gryfice | Kino | Restauracja | Kr\u0119gielnia | Pub","description":"","potentialAction":[{"@type":"SearchAction","target":{"@type":"EntryPoint","urlTemplate":"https:\/\/www.kapitol-gryfice.pl\/?s={search_term_string}"},"query-input":{"@type":"PropertyValueSpecification","valueRequired":true,"valueName":"search_term_string"}}],"inLanguage":"en-US"}]}},"_links":{"self":[{"href":"https:\/\/www.kapitol-gryfice.pl\/en\/wp-json\/wp\/v2\/tribe_events\/19549","targetHints":{"allow":["GET"]}}],"collection":[{"href":"https:\/\/www.kapitol-gryfice.pl\/en\/wp-json\/wp\/v2\/tribe_events"}],"about":[{"href":"https:\/\/www.kapitol-gryfice.pl\/en\/wp-json\/wp\/v2\/types\/tribe_events"}],"author":[{"embeddable":true,"href":"https:\/\/www.kapitol-gryfice.pl\/en\/wp-json\/wp\/v2\/users\/1"}],"replies":[{"embeddable":true,"href":"https:\/\/www.kapitol-gryfice.pl\/en\/wp-json\/wp\/v2\/comments?post=19549"}],"version-history":[{"count":1,"href":"https:\/\/www.kapitol-gryfice.pl\/en\/wp-json\/wp\/v2\/tribe_events\/19549\/revisions"}],"predecessor-version":[{"id":19550,"href":"https:\/\/www.kapitol-gryfice.pl\/en\/wp-json\/wp\/v2\/tribe_events\/19549\/revisions\/19550"}],"wp:featuredmedia":[{"embeddable":true,"href":"https:\/\/www.kapitol-gryfice.pl\/en\/wp-json\/wp\/v2\/media\/19440"}],"wp:attachment":[{"href":"https:\/\/www.kapitol-gryfice.pl\/en\/wp-json\/wp\/v2\/media?parent=19549"}],"wp:term":[{"taxonomy":"post_tag","embeddable":true,"href":"https:\/\/www.kapitol-gryfice.pl\/en\/wp-json\/wp\/v2\/tags?post=19549"},{"taxonomy":"tribe_events_cat","embeddable":true,"href":"https:\/\/www.kapitol-gryfice.pl\/en\/wp-json\/wp\/v2\/tribe_events_cat?post=19549"}],"curies":[{"name":"wp","href":"https:\/\/api.w.org\/{rel}","templated":true}]}}