{"id":16930,"date":"2025-02-10T12:28:18","date_gmt":"2025-02-10T11:28:18","guid":{"rendered":"http:\/\/www.kapitol-gryfice.pl\/?post_type=tribe_events&#038;p=16930"},"modified":"2025-02-10T13:07:22","modified_gmt":"2025-02-10T12:07:22","slug":"emma-odwazna-5","status":"publish","type":"tribe_events","link":"https:\/\/www.kapitol-gryfice.pl\/en\/film\/emma-odwazna-5\/","title":{"rendered":"Emma Odwa\u017cna"},"content":{"rendered":"<div id=\"cmsmasters_row_\" class=\"cmsmasters_row cmsmasters_color_scheme_default cmsmasters_row_top_default cmsmasters_row_bot_default cmsmasters_row_boxed\">\n<div class=\"cmsmasters_row_outer_parent\">\n<div class=\"cmsmasters_row_outer\">\n<div class=\"cmsmasters_row_inner\">\n<div class=\"cmsmasters_row_margin\">\n<div id=\"cmsmasters_column_\" class=\"cmsmasters_column one_first\">\n<div class=\"cmsmasters_column_inner\"><div class=\"cmsmasters_text\">\n<\/div>\n<\/div><\/div>\n<\/div>\n<\/div>\n<\/div>\n<\/div>\n<\/div>\n<div id=\"cmsmasters_row_\" class=\"cmsmasters_row cmsmasters_color_scheme_default cmsmasters_row_top_default cmsmasters_row_bot_default cmsmasters_row_boxed\">\n<div class=\"cmsmasters_row_outer_parent\">\n<div class=\"cmsmasters_row_outer\">\n<div class=\"cmsmasters_row_inner\">\n<div class=\"cmsmasters_row_margin\">\n<div id=\"cmsmasters_column_\" class=\"cmsmasters_column one_first\">\n<div class=\"cmsmasters_column_inner\"><div class=\"cmsmasters_text\">\n<h3>Opis filmu<\/h3>\n<div class=\"summary\">\n<p>Emma to miniaturowa, ale nieustraszona, adoptowana i wychowana przez lamy dziewczynka, kt\u00f3rej \u017cycie jest pe\u0142ne ciep\u0142a i rado\u015bci. Wszystko si\u0119 zmienia, gdy jeden z przyjaci\u00f3\u0142 m\u00f3wi jej, \u017ce nie jest cz\u0119\u015bci\u0105 ich rodziny. Emma postanawia uciec, aby odkry\u0107, sk\u0105d pochodzi i kim naprawd\u0119 jest.<\/p>\n<p>Kiedy wpada w pu\u0142apk\u0119 przebieg\u0142ego porywacza, z opresji ratuj\u0105 j\u0105 niespodziewani wybawcy: naukowiec Edward Wilk oraz \u0141asica Sancho. Do niezwyk\u0142ej ekipy do\u0142\u0105cza genialny, acz niezdarny wynalazca \u017b\u00f3\u0142wik Leo. Razem wyruszaj\u0105 w misj\u0119 pe\u0142n\u0105 przyg\u00f3d i niebezpiecze\u0144stw, w poszukiwaniu ukrytej wyspy zamieszka\u0142ej przez male\u0144kich ludzi. Szybko jednak oka\u017ce si\u0119, \u017ce nie wszystko idzie zgodnie z planem.<\/p>\n<p>Czy przyjaciele stawi\u0105 czo\u0142a przeciwno\u015bciom i pomog\u0105 Emmie spe\u0142ni\u0107 marzenie?<\/p>\n<\/div>\n<p>&nbsp;<\/p>\n<p>&nbsp;<\/p>\n<\/div>\n<\/div><\/div>\n<\/div>\n<\/div>\n<\/div>\n<\/div>\n<\/div>\n<div id=\"cmsmasters_row_xnkpwke0rq\" class=\"cmsmasters_row cmsmasters_color_scheme_default cmsmasters_row_top_default cmsmasters_row_bot_default cmsmasters_row_boxed\">\n<div class=\"cmsmasters_row_outer_parent\">\n<div class=\"cmsmasters_row_outer\">\n<div class=\"cmsmasters_row_inner\">\n<div class=\"cmsmasters_row_margin\">\n<div id=\"cmsmasters_column_a8olfl2p75\" class=\"cmsmasters_column one_half\">\n<div class=\"cmsmasters_column_inner\"><div class=\"cmsmasters_text\">\n<h3>Re\u017cyseria:<\/h3>\n<p>Leo Lewis Liao<\/p>\n<h3>Obsada:<\/h3>\n<p>Julia Kami\u0144ska, Przemys\u0142aw Wyszy\u0144ski, Otar Saralidze, Piotr To\u0142oczko<\/p>\n<\/div>\n<\/div><\/div>\n<div id=\"cmsmasters_column_kca7kfnwbk\" class=\"cmsmasters_column one_half\">\n<div class=\"cmsmasters_column_inner\"><div class=\"cmsmasters_text\">\n<h3>Czas:<\/h3>\n<p>1h 20 min<\/p>\n<h3>Gatunek:<\/h3>\n<p>familijny<\/p>\n<\/div>\n<\/div><\/div>\n<\/div>\n<\/div>\n<\/div>\n<\/div>\n<\/div>\n<div id=\"cmsmasters_row_2xu4d79zjm\" class=\"cmsmasters_row cmsmasters_color_scheme_default cmsmasters_row_top_default cmsmasters_row_bot_default cmsmasters_row_boxed\">\n<div class=\"cmsmasters_row_outer_parent\">\n<div class=\"cmsmasters_row_outer\">\n<div class=\"cmsmasters_row_inner\">\n<div class=\"cmsmasters_row_margin\">\n<div id=\"cmsmasters_column_w1osv0lht\" class=\"cmsmasters_column one_first\">\n<div class=\"cmsmasters_column_inner\"><div class=\"cmsmasters_embed_wrap\">\n<iframe loading=\"lazy\" title=\"Emma Odwa\u017cna - wielka przygoda mini dziewczynki! Tylko w kinach od 25 pa\u017adziernika \ud83c\udfac\u2b50\" width=\"1160\" height=\"653\" src=\"https:\/\/www.youtube.com\/embed\/iXMkTBae4_0?feature=oembed\" frameborder=\"0\" allow=\"accelerometer; autoplay; clipboard-write; encrypted-media; gyroscope; picture-in-picture; web-share\" referrerpolicy=\"strict-origin-when-cross-origin\" allowfullscreen><\/iframe><\/div>\n<\/div><\/div>\n<\/div>\n<\/div>\n<\/div>\n<\/div>\n<\/div>\n<div id=\"cmsmasters_row_\" class=\"cmsmasters_row cmsmasters_color_scheme_default cmsmasters_row_top_default cmsmasters_row_bot_default cmsmasters_row_boxed\">\n<div class=\"cmsmasters_row_outer_parent\">\n<div class=\"cmsmasters_row_outer\">\n<div class=\"cmsmasters_row_inner\">\n<div class=\"cmsmasters_row_margin\">\n<div id=\"cmsmasters_column_\" class=\"cmsmasters_column one_first\">\n<div class=\"cmsmasters_column_inner\"><div class=\"cmsmasters_text\">\n<\/div>\n<\/div><\/div>\n<\/div>\n<\/div>\n<\/div>\n<\/div>\n<\/div>\n","protected":false},"excerpt":{"rendered":"<p>Emma to miniaturowa, ale nieustraszona, adoptowana i wychowana przez lamy dziewczynka, kt\u00f3rej \u017cycie jest pe\u0142ne ciep\u0142a i rado\u015bci. Wszystko si\u0119 zmienia, gdy jeden z przyjaci\u00f3\u0142 m\u00f3wi jej, \u017ce nie jest cz\u0119\u015bci\u0105 ich rodziny.<\/p>\n","protected":false},"author":1,"featured_media":16919,"comment_status":"closed","ping_status":"closed","template":"","meta":{"_tribe_events_status":"","_tribe_events_status_reason":"","_tribe_events_is_hybrid":"","_tribe_events_is_virtual":"","_tribe_events_virtual_video_source":"","_tribe_events_virtual_embed_video":"","_tribe_events_virtual_linked_button_text":"","_tribe_events_virtual_linked_button":"","_tribe_events_virtual_show_embed_at":"","_tribe_events_virtual_show_embed_to":[],"_tribe_events_virtual_show_on_event":"","_tribe_events_virtual_show_on_views":"","_tribe_events_virtual_url":"","footnotes":""},"tags":[],"tribe_events_cat":[59],"class_list":["post-16930","tribe_events","type-tribe_events","status-publish","has-post-thumbnail","hentry","tribe_events_cat-familijny","cat_familijny"],"yoast_head":"<!-- This site is optimized with the Yoast SEO Premium plugin v24.3 (Yoast SEO v24.4) - https:\/\/yoast.com\/wordpress\/plugins\/seo\/ -->\n<title>Emma Odwa\u017cna - KAPITOL Gryfice | Kino | Restauracja | Kr\u0119gielnia | Pub<\/title>\n<meta name=\"robots\" content=\"index, follow, max-snippet:-1, max-image-preview:large, max-video-preview:-1\" \/>\n<link rel=\"canonical\" href=\"https:\/\/www.kapitol-gryfice.pl\/film\/emma-odwazna-5\/\" \/>\n<meta property=\"og:locale\" content=\"en_US\" \/>\n<meta property=\"og:type\" content=\"article\" \/>\n<meta property=\"og:title\" content=\"Emma Odwa\u017cna\" \/>\n<meta property=\"og:description\" content=\"Emma to miniaturowa, ale nieustraszona, adoptowana i wychowana przez lamy dziewczynka, kt\u00f3rej \u017cycie jest pe\u0142ne ciep\u0142a i rado\u015bci. Wszystko si\u0119 zmienia, gdy jeden z przyjaci\u00f3\u0142 m\u00f3wi jej, \u017ce nie jest cz\u0119\u015bci\u0105 ich rodziny.\" \/>\n<meta property=\"og:url\" content=\"https:\/\/www.kapitol-gryfice.pl\/film\/emma-odwazna-5\/\" \/>\n<meta property=\"og:site_name\" content=\"KAPITOL Gryfice | Kino | Restauracja | Kr\u0119gielnia | Pub\" \/>\n<meta property=\"article:modified_time\" content=\"2025-02-10T12:07:22+00:00\" \/>\n<meta property=\"og:image\" content=\"https:\/\/www.kapitol-gryfice.pl\/wp-content\/uploads\/2025\/02\/emma-plakat.jpg\" \/>\n\t<meta property=\"og:image:width\" content=\"384\" \/>\n\t<meta property=\"og:image:height\" content=\"549\" \/>\n\t<meta property=\"og:image:type\" content=\"image\/jpeg\" \/>\n<meta name=\"twitter:card\" content=\"summary_large_image\" \/>\n<meta name=\"twitter:label1\" content=\"Est. reading time\" \/>\n\t<meta name=\"twitter:data1\" content=\"2 minutes\" \/>\n<script type=\"application\/ld+json\" class=\"yoast-schema-graph\">{\"@context\":\"https:\/\/schema.org\",\"@graph\":[{\"@type\":\"WebPage\",\"@id\":\"https:\/\/www.kapitol-gryfice.pl\/film\/emma-odwazna-5\/\",\"url\":\"https:\/\/www.kapitol-gryfice.pl\/film\/emma-odwazna-5\/\",\"name\":\"Emma Odwa\u017cna - KAPITOL Gryfice | Kino | Restauracja | Kr\u0119gielnia | Pub\",\"isPartOf\":{\"@id\":\"https:\/\/www.kapitol-gryfice.pl\/#website\"},\"primaryImageOfPage\":{\"@id\":\"https:\/\/www.kapitol-gryfice.pl\/film\/emma-odwazna-5\/#primaryimage\"},\"image\":{\"@id\":\"https:\/\/www.kapitol-gryfice.pl\/film\/emma-odwazna-5\/#primaryimage\"},\"thumbnailUrl\":\"https:\/\/www.kapitol-gryfice.pl\/wp-content\/uploads\/2025\/02\/emma-plakat.jpg\",\"datePublished\":\"2025-02-10T11:28:18+00:00\",\"dateModified\":\"2025-02-10T12:07:22+00:00\",\"breadcrumb\":{\"@id\":\"https:\/\/www.kapitol-gryfice.pl\/film\/emma-odwazna-5\/#breadcrumb\"},\"inLanguage\":\"en-US\",\"potentialAction\":[{\"@type\":\"ReadAction\",\"target\":[\"https:\/\/www.kapitol-gryfice.pl\/film\/emma-odwazna-5\/\"]}]},{\"@type\":\"ImageObject\",\"inLanguage\":\"en-US\",\"@id\":\"https:\/\/www.kapitol-gryfice.pl\/film\/emma-odwazna-5\/#primaryimage\",\"url\":\"https:\/\/www.kapitol-gryfice.pl\/wp-content\/uploads\/2025\/02\/emma-plakat.jpg\",\"contentUrl\":\"https:\/\/www.kapitol-gryfice.pl\/wp-content\/uploads\/2025\/02\/emma-plakat.jpg\",\"width\":384,\"height\":549},{\"@type\":\"BreadcrumbList\",\"@id\":\"https:\/\/www.kapitol-gryfice.pl\/film\/emma-odwazna-5\/#breadcrumb\",\"itemListElement\":[{\"@type\":\"ListItem\",\"position\":1,\"name\":\"Home\",\"item\":\"https:\/\/www.kapitol-gryfice.pl\/\"},{\"@type\":\"ListItem\",\"position\":2,\"name\":\"Filmy\",\"item\":\"https:\/\/www.kapitol-gryfice.pl\/filmy\/\"},{\"@type\":\"ListItem\",\"position\":3,\"name\":\"Emma Odwa\u017cna\"}]},{\"@type\":\"WebSite\",\"@id\":\"https:\/\/www.kapitol-gryfice.pl\/#website\",\"url\":\"https:\/\/www.kapitol-gryfice.pl\/\",\"name\":\"KAPITOL Gryfice | Kino | Restauracja | Kr\u0119gielnia | Pub\",\"description\":\"\",\"potentialAction\":[{\"@type\":\"SearchAction\",\"target\":{\"@type\":\"EntryPoint\",\"urlTemplate\":\"https:\/\/www.kapitol-gryfice.pl\/?s={search_term_string}\"},\"query-input\":{\"@type\":\"PropertyValueSpecification\",\"valueRequired\":true,\"valueName\":\"search_term_string\"}}],\"inLanguage\":\"en-US\"}]}<\/script>\n<!-- \/ Yoast SEO Premium plugin. -->","yoast_head_json":{"title":"Emma Odwa\u017cna - KAPITOL Gryfice | Kino | Restauracja | Kr\u0119gielnia | Pub","robots":{"index":"index","follow":"follow","max-snippet":"max-snippet:-1","max-image-preview":"max-image-preview:large","max-video-preview":"max-video-preview:-1"},"canonical":"https:\/\/www.kapitol-gryfice.pl\/film\/emma-odwazna-5\/","og_locale":"en_US","og_type":"article","og_title":"Emma Odwa\u017cna","og_description":"Emma to miniaturowa, ale nieustraszona, adoptowana i wychowana przez lamy dziewczynka, kt\u00f3rej \u017cycie jest pe\u0142ne ciep\u0142a i rado\u015bci. Wszystko si\u0119 zmienia, gdy jeden z przyjaci\u00f3\u0142 m\u00f3wi jej, \u017ce nie jest cz\u0119\u015bci\u0105 ich rodziny.","og_url":"https:\/\/www.kapitol-gryfice.pl\/film\/emma-odwazna-5\/","og_site_name":"KAPITOL Gryfice | Kino | Restauracja | Kr\u0119gielnia | Pub","article_modified_time":"2025-02-10T12:07:22+00:00","og_image":[{"width":384,"height":549,"url":"https:\/\/www.kapitol-gryfice.pl\/wp-content\/uploads\/2025\/02\/emma-plakat.jpg","type":"image\/jpeg"}],"twitter_card":"summary_large_image","twitter_misc":{"Est. reading time":"2 minutes"},"schema":{"@context":"https:\/\/schema.org","@graph":[{"@type":"WebPage","@id":"https:\/\/www.kapitol-gryfice.pl\/film\/emma-odwazna-5\/","url":"https:\/\/www.kapitol-gryfice.pl\/film\/emma-odwazna-5\/","name":"Emma Odwa\u017cna - KAPITOL Gryfice | Kino | Restauracja | Kr\u0119gielnia | Pub","isPartOf":{"@id":"https:\/\/www.kapitol-gryfice.pl\/#website"},"primaryImageOfPage":{"@id":"https:\/\/www.kapitol-gryfice.pl\/film\/emma-odwazna-5\/#primaryimage"},"image":{"@id":"https:\/\/www.kapitol-gryfice.pl\/film\/emma-odwazna-5\/#primaryimage"},"thumbnailUrl":"https:\/\/www.kapitol-gryfice.pl\/wp-content\/uploads\/2025\/02\/emma-plakat.jpg","datePublished":"2025-02-10T11:28:18+00:00","dateModified":"2025-02-10T12:07:22+00:00","breadcrumb":{"@id":"https:\/\/www.kapitol-gryfice.pl\/film\/emma-odwazna-5\/#breadcrumb"},"inLanguage":"en-US","potentialAction":[{"@type":"ReadAction","target":["https:\/\/www.kapitol-gryfice.pl\/film\/emma-odwazna-5\/"]}]},{"@type":"ImageObject","inLanguage":"en-US","@id":"https:\/\/www.kapitol-gryfice.pl\/film\/emma-odwazna-5\/#primaryimage","url":"https:\/\/www.kapitol-gryfice.pl\/wp-content\/uploads\/2025\/02\/emma-plakat.jpg","contentUrl":"https:\/\/www.kapitol-gryfice.pl\/wp-content\/uploads\/2025\/02\/emma-plakat.jpg","width":384,"height":549},{"@type":"BreadcrumbList","@id":"https:\/\/www.kapitol-gryfice.pl\/film\/emma-odwazna-5\/#breadcrumb","itemListElement":[{"@type":"ListItem","position":1,"name":"Home","item":"https:\/\/www.kapitol-gryfice.pl\/"},{"@type":"ListItem","position":2,"name":"Filmy","item":"https:\/\/www.kapitol-gryfice.pl\/filmy\/"},{"@type":"ListItem","position":3,"name":"Emma Odwa\u017cna"}]},{"@type":"WebSite","@id":"https:\/\/www.kapitol-gryfice.pl\/#website","url":"https:\/\/www.kapitol-gryfice.pl\/","name":"KAPITOL Gryfice | Kino | Restauracja | Kr\u0119gielnia | Pub","description":"","potentialAction":[{"@type":"SearchAction","target":{"@type":"EntryPoint","urlTemplate":"https:\/\/www.kapitol-gryfice.pl\/?s={search_term_string}"},"query-input":{"@type":"PropertyValueSpecification","valueRequired":true,"valueName":"search_term_string"}}],"inLanguage":"en-US"}]}},"_links":{"self":[{"href":"https:\/\/www.kapitol-gryfice.pl\/en\/wp-json\/wp\/v2\/tribe_events\/16930","targetHints":{"allow":["GET"]}}],"collection":[{"href":"https:\/\/www.kapitol-gryfice.pl\/en\/wp-json\/wp\/v2\/tribe_events"}],"about":[{"href":"https:\/\/www.kapitol-gryfice.pl\/en\/wp-json\/wp\/v2\/types\/tribe_events"}],"author":[{"embeddable":true,"href":"https:\/\/www.kapitol-gryfice.pl\/en\/wp-json\/wp\/v2\/users\/1"}],"replies":[{"embeddable":true,"href":"https:\/\/www.kapitol-gryfice.pl\/en\/wp-json\/wp\/v2\/comments?post=16930"}],"version-history":[{"count":1,"href":"https:\/\/www.kapitol-gryfice.pl\/en\/wp-json\/wp\/v2\/tribe_events\/16930\/revisions"}],"predecessor-version":[{"id":16931,"href":"https:\/\/www.kapitol-gryfice.pl\/en\/wp-json\/wp\/v2\/tribe_events\/16930\/revisions\/16931"}],"wp:featuredmedia":[{"embeddable":true,"href":"https:\/\/www.kapitol-gryfice.pl\/en\/wp-json\/wp\/v2\/media\/16919"}],"wp:attachment":[{"href":"https:\/\/www.kapitol-gryfice.pl\/en\/wp-json\/wp\/v2\/media?parent=16930"}],"wp:term":[{"taxonomy":"post_tag","embeddable":true,"href":"https:\/\/www.kapitol-gryfice.pl\/en\/wp-json\/wp\/v2\/tags?post=16930"},{"taxonomy":"tribe_events_cat","embeddable":true,"href":"https:\/\/www.kapitol-gryfice.pl\/en\/wp-json\/wp\/v2\/tribe_events_cat?post=16930"}],"curies":[{"name":"wp","href":"https:\/\/api.w.org\/{rel}","templated":true}]}}