{"id":16162,"date":"2025-01-31T22:27:13","date_gmt":"2025-01-31T21:27:13","guid":{"rendered":"http:\/\/www.kapitol-gryfice.pl\/?post_type=tribe_events&#038;p=16162"},"modified":"2025-01-31T22:27:13","modified_gmt":"2025-01-31T21:27:13","slug":"porky-i-daffy-ratuja-swiat-8","status":"publish","type":"tribe_events","link":"https:\/\/www.kapitol-gryfice.pl\/en\/film\/porky-i-daffy-ratuja-swiat-8\/","title":{"rendered":"Porky i Daffy ratuj\u0105 \u015bwiat"},"content":{"rendered":"<div id=\"cmsmasters_row_\" class=\"cmsmasters_row cmsmasters_color_scheme_default cmsmasters_row_top_default cmsmasters_row_bot_default cmsmasters_row_boxed\">\n<div class=\"cmsmasters_row_outer_parent\">\n<div class=\"cmsmasters_row_outer\">\n<div class=\"cmsmasters_row_inner\">\n<div class=\"cmsmasters_row_margin\">\n<div id=\"cmsmasters_column_\" class=\"cmsmasters_column one_first\">\n<div class=\"cmsmasters_column_inner\"><div class=\"cmsmasters_text\">\n<\/div>\n<\/div><\/div>\n<\/div>\n<\/div>\n<\/div>\n<\/div>\n<\/div>\n<div id=\"cmsmasters_row_\" class=\"cmsmasters_row cmsmasters_color_scheme_default cmsmasters_row_top_default cmsmasters_row_bot_default cmsmasters_row_boxed\">\n<div class=\"cmsmasters_row_outer_parent\">\n<div class=\"cmsmasters_row_outer\">\n<div class=\"cmsmasters_row_inner\">\n<div class=\"cmsmasters_row_margin\">\n<div id=\"cmsmasters_column_\" class=\"cmsmasters_column one_first\">\n<div class=\"cmsmasters_column_inner\"><div class=\"cmsmasters_text\">\n<h3>Opis filmu<\/h3>\n<div class=\"col-md-7 film-description__paragraph\">\n<p>Wyobra\u017acie sobie w jakich tarapatach musi by\u0107 \u015bwiat, je\u015bli jego jedyn\u0105 nadziej\u0105 s\u0105 ju\u017c tylko Kaczor Daffy i Prosiak Porky! Ulubie\u0144cy najm\u0142odszych i nie tylko, bohaterowie ponadczasowej serii animacji z cyklu Looney Tunes czyli Kaczor Daffy i Prosiak Porky debiutuj\u0105 na wielkim ekranie! Szalone przygody, mn\u00f3stwo humoru i m\u0105dre przes\u0142anie to specjalno\u015b\u0107 Looney Tunes. Wie o tym ka\u017cde dziecko i co najmniej po\u0142owa doros\u0142ych na \u015bwiecie.<\/p>\n<div class=\"ReactCollapse--collapse\" aria-hidden=\"false\">\n<div class=\"ReactCollapse--content\">\n<div class=\"film-description__text-holder\">\n<p class=\"Default\">Kaczor Daffy i Prosiak Porky to bohaterowie jedyni w swoim rodzaju. Nazwanie ich przyja\u017ani \u201eszorstk\u0105\u201d to kurtuazja, bo czasami bywa w tym zwi\u0105zku wi\u0119cej ni\u017c burzliwie. Tym razem Daffy i Porky musz\u0105 wzi\u0105\u0107 na barki losy swego miasteczka i ca\u0142ego \u015bwiata, gdy odkryj\u0105, \u017ce w pobliskiej fabryce gumy do \u017cucia dziej\u0105 si\u0119 rzeczy mocno podejrzane. Wygl\u0105da na to, \u017ce prowadz\u0105ca j\u0105 \u015awinka Petunia pad\u0142a ofiar\u0105 naje\u017ad\u017acy z kosmosu, kt\u00f3ry pa\u0142a dzik\u0105 nami\u0119tno\u015bci\u0105 do popularnego napoju zwanego bubble tea, kt\u00f3rego nasza planeta jest ojczyzn\u0105. Wredny kosmita postanawia przej\u0105\u0107 w\u0142adz\u0119 nad \u015bwiatem, bym m\u00f3c do woli raczy\u0107 si\u0119 swym ciek\u0142ym przysmakiem. Ale niedoczekanie! Dzielny Kaczor i sprytny Prosiak zrobi\u0105 wszystko, by ocali\u0107 ludzko\u015b\u0107, swoje miasteczko i \u015awink\u0119 Petuni\u0119. I by\u0107 mo\u017ce nawet im si\u0119 uda, o ile wcze\u015bniej koszmarnie si\u0119 nie pok\u0142\u00f3c\u0105.<\/p>\n<\/div>\n<\/div>\n<\/div>\n<\/div>\n<\/div>\n<\/div><\/div>\n<\/div>\n<\/div>\n<\/div>\n<\/div>\n<\/div>\n<div id=\"cmsmasters_row_xnkpwke0rq\" class=\"cmsmasters_row cmsmasters_color_scheme_default cmsmasters_row_top_default cmsmasters_row_bot_default cmsmasters_row_boxed\">\n<div class=\"cmsmasters_row_outer_parent\">\n<div class=\"cmsmasters_row_outer\">\n<div class=\"cmsmasters_row_inner\">\n<div class=\"cmsmasters_row_margin\">\n<div id=\"cmsmasters_column_a8olfl2p75\" class=\"cmsmasters_column one_half\">\n<div class=\"cmsmasters_column_inner\"><div class=\"cmsmasters_text\">\n<h3>Re\u017cyseria:<\/h3>\n<p>Peter Browngardt<\/p>\n<h3>Obsada:<\/h3>\n<p>&nbsp;<\/p>\n<\/div>\n<\/div><\/div>\n<div id=\"cmsmasters_column_kca7kfnwbk\" class=\"cmsmasters_column one_half\">\n<div class=\"cmsmasters_column_inner\"><div class=\"cmsmasters_text\">\n<h3>Czas:<\/h3>\n<p>1h 31min<\/p>\n<h3>Gatunek:<\/h3>\n<p>familijny<\/p>\n<\/div>\n<\/div><\/div>\n<\/div>\n<\/div>\n<\/div>\n<\/div>\n<\/div>\n<div id=\"cmsmasters_row_2xu4d79zjm\" class=\"cmsmasters_row cmsmasters_color_scheme_default cmsmasters_row_top_default cmsmasters_row_bot_default cmsmasters_row_boxed\">\n<div class=\"cmsmasters_row_outer_parent\">\n<div class=\"cmsmasters_row_outer\">\n<div class=\"cmsmasters_row_inner\">\n<div class=\"cmsmasters_row_margin\">\n<div id=\"cmsmasters_column_w1osv0lht\" class=\"cmsmasters_column one_first\">\n<div class=\"cmsmasters_column_inner\">\n<div class=\"cmsmasters_embed_wrap\">\n<iframe loading=\"lazy\" title=\"Looney Tunes: Porky i Daffy ratuj\u0105 \u015bwiat | Zwiastun PL | Od 31 stycznia w kinach\" width=\"1160\" height=\"653\" src=\"https:\/\/www.youtube.com\/embed\/tV0PZuoVaxs?feature=oembed\" frameborder=\"0\" allow=\"accelerometer; autoplay; clipboard-write; encrypted-media; gyroscope; picture-in-picture; web-share\" referrerpolicy=\"strict-origin-when-cross-origin\" allowfullscreen><\/iframe><\/div>\n<\/div><\/div>\n<\/div>\n<\/div>\n<\/div>\n<\/div>\n<\/div>\n<div id=\"cmsmasters_row_\" class=\"cmsmasters_row cmsmasters_color_scheme_default cmsmasters_row_top_default cmsmasters_row_bot_default cmsmasters_row_boxed\">\n<div class=\"cmsmasters_row_outer_parent\">\n<div class=\"cmsmasters_row_outer\">\n<div class=\"cmsmasters_row_inner\">\n<div class=\"cmsmasters_row_margin\">\n<div id=\"cmsmasters_column_\" class=\"cmsmasters_column one_first\">\n<div class=\"cmsmasters_column_inner\"><div class=\"cmsmasters_text\">\n<\/div>\n<\/div><\/div>\n<\/div>\n<\/div>\n<\/div>\n<\/div>\n<\/div>\n","protected":false},"excerpt":{"rendered":"<p>Kaczor Daffy i Prosiak Porky to bohaterowie jedyni w swoim rodzaju. Nazwanie ich przyja\u017ani \u201eszorstk\u0105\u201d to kurtuazja, bo czasami bywa w tym zwi\u0105zku wi\u0119cej ni\u017c burzliwie. Tym razem Daffy i Porky musz\u0105 wzi\u0105\u0107 na barki losy swego miasteczka i ca\u0142ego \u015bwiata, gdy odkryj\u0105, \u017ce w pobliskiej fabryce gumy do \u017cucia dziej\u0105 si\u0119 rzeczy mocno podejrzane.<\/p>\n","protected":false},"author":1,"featured_media":16096,"comment_status":"open","ping_status":"closed","template":"","meta":{"_tribe_events_status":"","_tribe_events_status_reason":"","_tribe_events_is_hybrid":"","_tribe_events_is_virtual":"","_tribe_events_virtual_video_source":"","_tribe_events_virtual_embed_video":"","_tribe_events_virtual_linked_button_text":"","_tribe_events_virtual_linked_button":"","_tribe_events_virtual_show_embed_at":"","_tribe_events_virtual_show_embed_to":[],"_tribe_events_virtual_show_on_event":"","_tribe_events_virtual_show_on_views":"","_tribe_events_virtual_url":"","footnotes":""},"tags":[],"tribe_events_cat":[59],"class_list":["post-16162","tribe_events","type-tribe_events","status-publish","has-post-thumbnail","hentry","tribe_events_cat-familijny","cat_familijny"],"yoast_head":"<!-- This site is optimized with the Yoast SEO Premium plugin v24.3 (Yoast SEO v24.4) - https:\/\/yoast.com\/wordpress\/plugins\/seo\/ -->\n<title>Porky i Daffy ratuj\u0105 \u015bwiat - KAPITOL Gryfice | Kino | Restauracja | Kr\u0119gielnia | Pub<\/title>\n<meta name=\"robots\" content=\"index, follow, max-snippet:-1, max-image-preview:large, max-video-preview:-1\" \/>\n<link rel=\"canonical\" href=\"https:\/\/www.kapitol-gryfice.pl\/film\/porky-i-daffy-ratuja-swiat-8\/\" \/>\n<meta property=\"og:locale\" content=\"en_US\" \/>\n<meta property=\"og:type\" content=\"article\" \/>\n<meta property=\"og:title\" content=\"Porky i Daffy ratuj\u0105 \u015bwiat\" \/>\n<meta property=\"og:description\" content=\"Kaczor Daffy i Prosiak Porky to bohaterowie jedyni w swoim rodzaju. Nazwanie ich przyja\u017ani \u201eszorstk\u0105\u201d to kurtuazja, bo czasami bywa w tym zwi\u0105zku wi\u0119cej ni\u017c burzliwie. Tym razem Daffy i Porky musz\u0105 wzi\u0105\u0107 na barki losy swego miasteczka i ca\u0142ego \u015bwiata, gdy odkryj\u0105, \u017ce w pobliskiej fabryce gumy do \u017cucia dziej\u0105 si\u0119 rzeczy mocno podejrzane.\" \/>\n<meta property=\"og:url\" content=\"https:\/\/www.kapitol-gryfice.pl\/film\/porky-i-daffy-ratuja-swiat-8\/\" \/>\n<meta property=\"og:site_name\" content=\"KAPITOL Gryfice | Kino | Restauracja | Kr\u0119gielnia | Pub\" \/>\n<meta property=\"og:image\" content=\"https:\/\/www.kapitol-gryfice.pl\/wp-content\/uploads\/2025\/01\/looney-tunes-porky-i-daffy-ratuja-swiat-looney-tunes-plakat-pl-pogrubionehaslo-768x1126-1-e1738365066871.jpg\" \/>\n\t<meta property=\"og:image:width\" content=\"384\" \/>\n\t<meta property=\"og:image:height\" content=\"549\" \/>\n\t<meta property=\"og:image:type\" content=\"image\/jpeg\" \/>\n<meta name=\"twitter:card\" content=\"summary_large_image\" \/>\n<meta name=\"twitter:label1\" content=\"Est. reading time\" \/>\n\t<meta name=\"twitter:data1\" content=\"3 minutes\" \/>\n<script type=\"application\/ld+json\" class=\"yoast-schema-graph\">{\"@context\":\"https:\/\/schema.org\",\"@graph\":[{\"@type\":\"WebPage\",\"@id\":\"https:\/\/www.kapitol-gryfice.pl\/film\/porky-i-daffy-ratuja-swiat-8\/\",\"url\":\"https:\/\/www.kapitol-gryfice.pl\/film\/porky-i-daffy-ratuja-swiat-8\/\",\"name\":\"Porky i Daffy ratuj\u0105 \u015bwiat - KAPITOL Gryfice | Kino | Restauracja | Kr\u0119gielnia | Pub\",\"isPartOf\":{\"@id\":\"https:\/\/www.kapitol-gryfice.pl\/#website\"},\"primaryImageOfPage\":{\"@id\":\"https:\/\/www.kapitol-gryfice.pl\/film\/porky-i-daffy-ratuja-swiat-8\/#primaryimage\"},\"image\":{\"@id\":\"https:\/\/www.kapitol-gryfice.pl\/film\/porky-i-daffy-ratuja-swiat-8\/#primaryimage\"},\"thumbnailUrl\":\"https:\/\/www.kapitol-gryfice.pl\/wp-content\/uploads\/2025\/01\/looney-tunes-porky-i-daffy-ratuja-swiat-looney-tunes-plakat-pl-pogrubionehaslo-768x1126-1-e1738365066871.jpg\",\"datePublished\":\"2025-01-31T21:27:13+00:00\",\"breadcrumb\":{\"@id\":\"https:\/\/www.kapitol-gryfice.pl\/film\/porky-i-daffy-ratuja-swiat-8\/#breadcrumb\"},\"inLanguage\":\"en-US\",\"potentialAction\":[{\"@type\":\"ReadAction\",\"target\":[\"https:\/\/www.kapitol-gryfice.pl\/film\/porky-i-daffy-ratuja-swiat-8\/\"]}]},{\"@type\":\"ImageObject\",\"inLanguage\":\"en-US\",\"@id\":\"https:\/\/www.kapitol-gryfice.pl\/film\/porky-i-daffy-ratuja-swiat-8\/#primaryimage\",\"url\":\"https:\/\/www.kapitol-gryfice.pl\/wp-content\/uploads\/2025\/01\/looney-tunes-porky-i-daffy-ratuja-swiat-looney-tunes-plakat-pl-pogrubionehaslo-768x1126-1-e1738365066871.jpg\",\"contentUrl\":\"https:\/\/www.kapitol-gryfice.pl\/wp-content\/uploads\/2025\/01\/looney-tunes-porky-i-daffy-ratuja-swiat-looney-tunes-plakat-pl-pogrubionehaslo-768x1126-1-e1738365066871.jpg\",\"width\":384,\"height\":549},{\"@type\":\"BreadcrumbList\",\"@id\":\"https:\/\/www.kapitol-gryfice.pl\/film\/porky-i-daffy-ratuja-swiat-8\/#breadcrumb\",\"itemListElement\":[{\"@type\":\"ListItem\",\"position\":1,\"name\":\"Home\",\"item\":\"https:\/\/www.kapitol-gryfice.pl\/\"},{\"@type\":\"ListItem\",\"position\":2,\"name\":\"Filmy\",\"item\":\"https:\/\/www.kapitol-gryfice.pl\/filmy\/\"},{\"@type\":\"ListItem\",\"position\":3,\"name\":\"Porky i Daffy ratuj\u0105 \u015bwiat\"}]},{\"@type\":\"WebSite\",\"@id\":\"https:\/\/www.kapitol-gryfice.pl\/#website\",\"url\":\"https:\/\/www.kapitol-gryfice.pl\/\",\"name\":\"KAPITOL Gryfice | Kino | Restauracja | Kr\u0119gielnia | Pub\",\"description\":\"\",\"potentialAction\":[{\"@type\":\"SearchAction\",\"target\":{\"@type\":\"EntryPoint\",\"urlTemplate\":\"https:\/\/www.kapitol-gryfice.pl\/?s={search_term_string}\"},\"query-input\":{\"@type\":\"PropertyValueSpecification\",\"valueRequired\":true,\"valueName\":\"search_term_string\"}}],\"inLanguage\":\"en-US\"}]}<\/script>\n<!-- \/ Yoast SEO Premium plugin. -->","yoast_head_json":{"title":"Porky i Daffy ratuj\u0105 \u015bwiat - KAPITOL Gryfice | Kino | Restauracja | Kr\u0119gielnia | Pub","robots":{"index":"index","follow":"follow","max-snippet":"max-snippet:-1","max-image-preview":"max-image-preview:large","max-video-preview":"max-video-preview:-1"},"canonical":"https:\/\/www.kapitol-gryfice.pl\/film\/porky-i-daffy-ratuja-swiat-8\/","og_locale":"en_US","og_type":"article","og_title":"Porky i Daffy ratuj\u0105 \u015bwiat","og_description":"Kaczor Daffy i Prosiak Porky to bohaterowie jedyni w swoim rodzaju. Nazwanie ich przyja\u017ani \u201eszorstk\u0105\u201d to kurtuazja, bo czasami bywa w tym zwi\u0105zku wi\u0119cej ni\u017c burzliwie. Tym razem Daffy i Porky musz\u0105 wzi\u0105\u0107 na barki losy swego miasteczka i ca\u0142ego \u015bwiata, gdy odkryj\u0105, \u017ce w pobliskiej fabryce gumy do \u017cucia dziej\u0105 si\u0119 rzeczy mocno podejrzane.","og_url":"https:\/\/www.kapitol-gryfice.pl\/film\/porky-i-daffy-ratuja-swiat-8\/","og_site_name":"KAPITOL Gryfice | Kino | Restauracja | Kr\u0119gielnia | Pub","og_image":[{"width":384,"height":549,"url":"https:\/\/www.kapitol-gryfice.pl\/wp-content\/uploads\/2025\/01\/looney-tunes-porky-i-daffy-ratuja-swiat-looney-tunes-plakat-pl-pogrubionehaslo-768x1126-1-e1738365066871.jpg","type":"image\/jpeg"}],"twitter_card":"summary_large_image","twitter_misc":{"Est. reading time":"3 minutes"},"schema":{"@context":"https:\/\/schema.org","@graph":[{"@type":"WebPage","@id":"https:\/\/www.kapitol-gryfice.pl\/film\/porky-i-daffy-ratuja-swiat-8\/","url":"https:\/\/www.kapitol-gryfice.pl\/film\/porky-i-daffy-ratuja-swiat-8\/","name":"Porky i Daffy ratuj\u0105 \u015bwiat - KAPITOL Gryfice | Kino | Restauracja | Kr\u0119gielnia | Pub","isPartOf":{"@id":"https:\/\/www.kapitol-gryfice.pl\/#website"},"primaryImageOfPage":{"@id":"https:\/\/www.kapitol-gryfice.pl\/film\/porky-i-daffy-ratuja-swiat-8\/#primaryimage"},"image":{"@id":"https:\/\/www.kapitol-gryfice.pl\/film\/porky-i-daffy-ratuja-swiat-8\/#primaryimage"},"thumbnailUrl":"https:\/\/www.kapitol-gryfice.pl\/wp-content\/uploads\/2025\/01\/looney-tunes-porky-i-daffy-ratuja-swiat-looney-tunes-plakat-pl-pogrubionehaslo-768x1126-1-e1738365066871.jpg","datePublished":"2025-01-31T21:27:13+00:00","breadcrumb":{"@id":"https:\/\/www.kapitol-gryfice.pl\/film\/porky-i-daffy-ratuja-swiat-8\/#breadcrumb"},"inLanguage":"en-US","potentialAction":[{"@type":"ReadAction","target":["https:\/\/www.kapitol-gryfice.pl\/film\/porky-i-daffy-ratuja-swiat-8\/"]}]},{"@type":"ImageObject","inLanguage":"en-US","@id":"https:\/\/www.kapitol-gryfice.pl\/film\/porky-i-daffy-ratuja-swiat-8\/#primaryimage","url":"https:\/\/www.kapitol-gryfice.pl\/wp-content\/uploads\/2025\/01\/looney-tunes-porky-i-daffy-ratuja-swiat-looney-tunes-plakat-pl-pogrubionehaslo-768x1126-1-e1738365066871.jpg","contentUrl":"https:\/\/www.kapitol-gryfice.pl\/wp-content\/uploads\/2025\/01\/looney-tunes-porky-i-daffy-ratuja-swiat-looney-tunes-plakat-pl-pogrubionehaslo-768x1126-1-e1738365066871.jpg","width":384,"height":549},{"@type":"BreadcrumbList","@id":"https:\/\/www.kapitol-gryfice.pl\/film\/porky-i-daffy-ratuja-swiat-8\/#breadcrumb","itemListElement":[{"@type":"ListItem","position":1,"name":"Home","item":"https:\/\/www.kapitol-gryfice.pl\/"},{"@type":"ListItem","position":2,"name":"Filmy","item":"https:\/\/www.kapitol-gryfice.pl\/filmy\/"},{"@type":"ListItem","position":3,"name":"Porky i Daffy ratuj\u0105 \u015bwiat"}]},{"@type":"WebSite","@id":"https:\/\/www.kapitol-gryfice.pl\/#website","url":"https:\/\/www.kapitol-gryfice.pl\/","name":"KAPITOL Gryfice | Kino | Restauracja | Kr\u0119gielnia | Pub","description":"","potentialAction":[{"@type":"SearchAction","target":{"@type":"EntryPoint","urlTemplate":"https:\/\/www.kapitol-gryfice.pl\/?s={search_term_string}"},"query-input":{"@type":"PropertyValueSpecification","valueRequired":true,"valueName":"search_term_string"}}],"inLanguage":"en-US"}]}},"_links":{"self":[{"href":"https:\/\/www.kapitol-gryfice.pl\/en\/wp-json\/wp\/v2\/tribe_events\/16162","targetHints":{"allow":["GET"]}}],"collection":[{"href":"https:\/\/www.kapitol-gryfice.pl\/en\/wp-json\/wp\/v2\/tribe_events"}],"about":[{"href":"https:\/\/www.kapitol-gryfice.pl\/en\/wp-json\/wp\/v2\/types\/tribe_events"}],"author":[{"embeddable":true,"href":"https:\/\/www.kapitol-gryfice.pl\/en\/wp-json\/wp\/v2\/users\/1"}],"replies":[{"embeddable":true,"href":"https:\/\/www.kapitol-gryfice.pl\/en\/wp-json\/wp\/v2\/comments?post=16162"}],"version-history":[{"count":1,"href":"https:\/\/www.kapitol-gryfice.pl\/en\/wp-json\/wp\/v2\/tribe_events\/16162\/revisions"}],"predecessor-version":[{"id":16163,"href":"https:\/\/www.kapitol-gryfice.pl\/en\/wp-json\/wp\/v2\/tribe_events\/16162\/revisions\/16163"}],"wp:featuredmedia":[{"embeddable":true,"href":"https:\/\/www.kapitol-gryfice.pl\/en\/wp-json\/wp\/v2\/media\/16096"}],"wp:attachment":[{"href":"https:\/\/www.kapitol-gryfice.pl\/en\/wp-json\/wp\/v2\/media?parent=16162"}],"wp:term":[{"taxonomy":"post_tag","embeddable":true,"href":"https:\/\/www.kapitol-gryfice.pl\/en\/wp-json\/wp\/v2\/tags?post=16162"},{"taxonomy":"tribe_events_cat","embeddable":true,"href":"https:\/\/www.kapitol-gryfice.pl\/en\/wp-json\/wp\/v2\/tribe_events_cat?post=16162"}],"curies":[{"name":"wp","href":"https:\/\/api.w.org\/{rel}","templated":true}]}}